{"id":3981,"date":"2026-04-07T15:14:06","date_gmt":"2026-04-07T13:14:06","guid":{"rendered":"https:\/\/www.via-alpina.org\/?page_id=3981"},"modified":"2026-04-23T12:04:33","modified_gmt":"2026-04-23T10:04:33","slug":"anketa-via-alpina-2024","status":"publish","type":"page","link":"https:\/\/www.via-alpina.org\/sl\/skupnost\/anketa-via-alpina-2024\/","title":{"rendered":"Anketa Via Alpina 2025"},"content":{"rendered":"<div class=\"wpb-content-wrapper\"><p>[vc_row full_width=&#8221;stretch_row_content_no_spaces&#8221; el_class=&#8221;sp-page-title&#8221;][vc_column]\t\t\n\t\t<div class=\"title-banner\" style=\"background-image: linear-gradient(rgba(0, 0, 0, 0.2),rgba(0, 0, 0, 0.3)),url(https:\/\/www.via-alpina.org\/wp-content\/uploads\/2026\/03\/IMG_0541-Julian-Krah-Kopie-scaled-e1772619809634.jpeg);\">\n\t\t<span class=\"banner-caption\">\u00a9 Julian Krah<\/span>\n\t\t<\/div>\n\t\t<div class=\"container container-for-crumbs\">\n\t\t\t\t<div class=\"breadcrumbs-container\">\n\t\t\t\t\t\t<div class=\"breadcrumbs\">\n\t\t\t\t\t\t\t\n\t<ul class=\"ns-breadcrumbs\">\n\t\t\t<li><a href=\"https:\/\/www.via-alpina.org\/sl\/\">Domov<\/a><\/li>\n\t\t\t\t\t<li><a href=\"https:\/\/www.via-alpina.org\/sl\/skupnost\/\">Skupnost<\/a><\/li>\n\t\t\t\t<li>Anketa Via Alpina 2025<\/li>\n\t<\/ul>\n\t\n\t\t\t\t\t\t\t\t<div class=\"clearfix\"><\/div>\n\t\t\t\t\t\t<\/div>\n\t\t\t\t<\/div>\n\t\t\t\t<h1 class=\"entry-title\">Anketa Via Alpina 2025<\/h1>\n\t\t\t\t\t\t<\/div>\n\n\t\t[\/vc_column][\/vc_row][vc_row][vc_column][vc_column_text]<strong>Ste leta 2025 prehodili pot Via Alpina? \u017delite deliti svoje izku\u0161nje?<\/strong><\/p>\n<p>Ni pomembno, ali ste prehodili celotno pot Via Alpina (tj. \u010de ste pot pred\u010dasno prekinili ali prehodili le del poti); v anketi potrebujemo va\u0161e mnenje.<\/p>\n<p><strong>Odgovorite na vsako vpra\u0161anje po svojih najbolj\u0161ih mo\u010deh<\/strong> in ne skrbite, \u010de va\u0161i odgovori niso natan\u010dni. \u010ce se vpra\u0161anje ne nana\u0161a na vas ali nimate odgovora, <strong>vpra\u0161anje presko\u010dite.<\/strong><\/p>\n<p><strong>Zahvaljujemo se vam<\/strong> vnaprej, da ste si vzeli \u010das za izpolnitev ankete Via Alpina. Va\u0161 \u010das in odgovori so nam v veliko pomo\u010d. Anketo izpolnite prek spodnjega gumba:[\/vc_column_text][vc_empty_space][\/vc_column][\/vc_row][vc_row][vc_column][\/vc_column][\/vc_row]<\/p>\n<\/div>","protected":false},"excerpt":{"rendered":"<p>[vc_row full_width=&#8221;stretch_row_content_no_spaces&#8221; el_class=&#8221;sp-page-title&#8221;][vc_column][\/vc_column][\/vc_row][vc_row][vc_column][vc_column_text]Ste leta 2025 prehodili pot Via Alpina? \u017delite deliti svoje izku\u0161nje? Ni pomembno, ali ste prehodili celotno pot Via Alpina (tj. \u010de ste pot pred\u010dasno prekinili ali prehodili le del poti); v anketi potrebujemo va\u0161e mnenje. Odgovorite na vsako vpra\u0161anje po svojih najbolj\u0161ih mo\u010deh in ne skrbite, \u010de va\u0161i odgovori niso natan\u010dni. \u010ce se vpra\u0161anje ne nana\u0161a na vas ali nimate odgovora, vpra\u0161anje presko\u010dite. Zahvaljujemo se vam vnaprej, da ste si vzeli \u010das za izpolnitev ankete Via Alpina. Va\u0161 \u010das in odgovori so nam v veliko pomo\u010d. Anketo izpolnite prek spodnjega gumba:[\/vc_column_text][vc_empty_space][\/vc_column][\/vc_row][vc_row][vc_column][\/vc_column][\/vc_row]<\/p>\n","protected":false},"author":8,"featured_media":0,"parent":2288,"menu_order":0,"comment_status":"closed","ping_status":"closed","template":"","meta":{"footnotes":""},"class_list":["post-3981","page","type-page","status-publish","hentry"],"yoast_head":"<!-- This site is optimized with the Yoast SEO plugin v27.3 - https:\/\/yoast.com\/product\/yoast-seo-wordpress\/ -->\n<title>Anketa Via Alpina 2025 - Via Alpina<\/title>\n<meta name=\"description\" content=\"Ste leta 2025 prehodili pot Via Alpina? \u017delite deliti svoje izku\u0161nje? Ni pomembno, ali ste prehodili celotno pot Via Alpina (tj. \u010de ste pot pred\u010dasno prekinili ali prehodili le del\" \/>\n<meta name=\"robots\" content=\"index, follow, max-snippet:-1, max-image-preview:large, max-video-preview:-1\" \/>\n<link rel=\"canonical\" href=\"https:\/\/www.via-alpina.org\/sl\/skupnost\/anketa-via-alpina-2024\/\" \/>\n<meta property=\"og:locale\" content=\"sl_SI\" \/>\n<meta property=\"og:type\" content=\"article\" \/>\n<meta property=\"og:title\" content=\"Anketa Via Alpina 2025 - Via Alpina\" \/>\n<meta property=\"og:description\" content=\"[vc_row full_width=&#8221;stretch_row_content_no_spaces&#8221; el_class=&#8221;sp-page-title&#8221;][vc_column][\/vc_column][\/vc_row][vc_row][vc_column][vc_column_text]Ste leta 2025 prehodili pot Via Alpina? \u017delite deliti svoje izku\u0161nje? Ni pomembno, ali ste prehodili celotno pot Via Alpina (tj. \u010de ste pot pred\u010dasno prekinili ali prehodili le del poti); v anketi potrebujemo va\u0161e mnenje. Odgovorite na vsako vpra\u0161anje po svojih najbolj\u0161ih mo\u010deh in ne skrbite, \u010de va\u0161i odgovori niso natan\u010dni. \u010ce se vpra\u0161anje ne nana\u0161a na vas ali nimate odgovora, vpra\u0161anje presko\u010dite. Zahvaljujemo se vam vnaprej, da ste si vzeli \u010das za izpolnitev ankete Via Alpina. Va\u0161 \u010das in odgovori so nam v veliko pomo\u010d. Anketo izpolnite prek spodnjega gumba:[\/vc_column_text][vc_empty_space][\/vc_column][\/vc_row][vc_row][vc_column][\/vc_column][\/vc_row]\" \/>\n<meta property=\"og:url\" content=\"https:\/\/www.via-alpina.org\/sl\/skupnost\/anketa-via-alpina-2024\/\" \/>\n<meta property=\"og:site_name\" content=\"Via Alpina\" \/>\n<meta property=\"article:modified_time\" content=\"2026-04-23T10:04:33+00:00\" \/>\n<meta name=\"twitter:card\" content=\"summary_large_image\" \/>\n<meta name=\"twitter:label1\" content=\"Est. reading time\" \/>\n\t<meta name=\"twitter:data1\" content=\"1 minuta\" \/>\n<script type=\"application\/ld+json\" class=\"yoast-schema-graph\">{\"@context\":\"https:\\\/\\\/schema.org\",\"@graph\":[{\"@type\":\"WebPage\",\"@id\":\"https:\\\/\\\/www.via-alpina.org\\\/sl\\\/skupnost\\\/anketa-via-alpina-2024\\\/\",\"url\":\"https:\\\/\\\/www.via-alpina.org\\\/sl\\\/skupnost\\\/anketa-via-alpina-2024\\\/\",\"name\":\"Anketa Via Alpina 2025 - Via Alpina\",\"isPartOf\":{\"@id\":\"https:\\\/\\\/www.via-alpina.org\\\/#website\"},\"datePublished\":\"2026-04-07T13:14:06+00:00\",\"dateModified\":\"2026-04-23T10:04:33+00:00\",\"breadcrumb\":{\"@id\":\"https:\\\/\\\/www.via-alpina.org\\\/sl\\\/skupnost\\\/anketa-via-alpina-2024\\\/#breadcrumb\"},\"inLanguage\":\"sl-SI\",\"potentialAction\":[{\"@type\":\"ReadAction\",\"target\":[\"https:\\\/\\\/www.via-alpina.org\\\/sl\\\/skupnost\\\/anketa-via-alpina-2024\\\/\"]}]},{\"@type\":\"BreadcrumbList\",\"@id\":\"https:\\\/\\\/www.via-alpina.org\\\/sl\\\/skupnost\\\/anketa-via-alpina-2024\\\/#breadcrumb\",\"itemListElement\":[{\"@type\":\"ListItem\",\"position\":1,\"name\":\"Home\",\"item\":\"https:\\\/\\\/www.via-alpina.org\\\/sl\\\/\"},{\"@type\":\"ListItem\",\"position\":2,\"name\":\"Skupnost\",\"item\":\"https:\\\/\\\/www.via-alpina.org\\\/community\\\/\"},{\"@type\":\"ListItem\",\"position\":3,\"name\":\"Anketa Via Alpina 2025\"}]},{\"@type\":\"WebSite\",\"@id\":\"https:\\\/\\\/www.via-alpina.org\\\/#website\",\"url\":\"https:\\\/\\\/www.via-alpina.org\\\/\",\"name\":\"Via Alpina\",\"description\":\"\u0160e eno spleti\u0161\u010de WordPress\",\"potentialAction\":[{\"@type\":\"SearchAction\",\"target\":{\"@type\":\"EntryPoint\",\"urlTemplate\":\"https:\\\/\\\/www.via-alpina.org\\\/?s={search_term_string}\"},\"query-input\":{\"@type\":\"PropertyValueSpecification\",\"valueRequired\":true,\"valueName\":\"search_term_string\"}}],\"inLanguage\":\"sl-SI\"}]}<\/script>\n<!-- \/ Yoast SEO plugin. -->","yoast_head_json":{"title":"Anketa Via Alpina 2025 - Via Alpina","description":"Ste leta 2025 prehodili pot Via Alpina? \u017delite deliti svoje izku\u0161nje? Ni pomembno, ali ste prehodili celotno pot Via Alpina (tj. \u010de ste pot pred\u010dasno prekinili ali prehodili le del","robots":{"index":"index","follow":"follow","max-snippet":"max-snippet:-1","max-image-preview":"max-image-preview:large","max-video-preview":"max-video-preview:-1"},"canonical":"https:\/\/www.via-alpina.org\/sl\/skupnost\/anketa-via-alpina-2024\/","og_locale":"sl_SI","og_type":"article","og_title":"Anketa Via Alpina 2025 - Via Alpina","og_description":"[vc_row full_width=&#8221;stretch_row_content_no_spaces&#8221; el_class=&#8221;sp-page-title&#8221;][vc_column][\/vc_column][\/vc_row][vc_row][vc_column][vc_column_text]Ste leta 2025 prehodili pot Via Alpina? \u017delite deliti svoje izku\u0161nje? Ni pomembno, ali ste prehodili celotno pot Via Alpina (tj. \u010de ste pot pred\u010dasno prekinili ali prehodili le del poti); v anketi potrebujemo va\u0161e mnenje. Odgovorite na vsako vpra\u0161anje po svojih najbolj\u0161ih mo\u010deh in ne skrbite, \u010de va\u0161i odgovori niso natan\u010dni. \u010ce se vpra\u0161anje ne nana\u0161a na vas ali nimate odgovora, vpra\u0161anje presko\u010dite. Zahvaljujemo se vam vnaprej, da ste si vzeli \u010das za izpolnitev ankete Via Alpina. Va\u0161 \u010das in odgovori so nam v veliko pomo\u010d. Anketo izpolnite prek spodnjega gumba:[\/vc_column_text][vc_empty_space][\/vc_column][\/vc_row][vc_row][vc_column][\/vc_column][\/vc_row]","og_url":"https:\/\/www.via-alpina.org\/sl\/skupnost\/anketa-via-alpina-2024\/","og_site_name":"Via Alpina","article_modified_time":"2026-04-23T10:04:33+00:00","twitter_card":"summary_large_image","twitter_misc":{"Est. reading time":"1 minuta"},"schema":{"@context":"https:\/\/schema.org","@graph":[{"@type":"WebPage","@id":"https:\/\/www.via-alpina.org\/sl\/skupnost\/anketa-via-alpina-2024\/","url":"https:\/\/www.via-alpina.org\/sl\/skupnost\/anketa-via-alpina-2024\/","name":"Anketa Via Alpina 2025 - Via Alpina","isPartOf":{"@id":"https:\/\/www.via-alpina.org\/#website"},"datePublished":"2026-04-07T13:14:06+00:00","dateModified":"2026-04-23T10:04:33+00:00","breadcrumb":{"@id":"https:\/\/www.via-alpina.org\/sl\/skupnost\/anketa-via-alpina-2024\/#breadcrumb"},"inLanguage":"sl-SI","potentialAction":[{"@type":"ReadAction","target":["https:\/\/www.via-alpina.org\/sl\/skupnost\/anketa-via-alpina-2024\/"]}]},{"@type":"BreadcrumbList","@id":"https:\/\/www.via-alpina.org\/sl\/skupnost\/anketa-via-alpina-2024\/#breadcrumb","itemListElement":[{"@type":"ListItem","position":1,"name":"Home","item":"https:\/\/www.via-alpina.org\/sl\/"},{"@type":"ListItem","position":2,"name":"Skupnost","item":"https:\/\/www.via-alpina.org\/community\/"},{"@type":"ListItem","position":3,"name":"Anketa Via Alpina 2025"}]},{"@type":"WebSite","@id":"https:\/\/www.via-alpina.org\/#website","url":"https:\/\/www.via-alpina.org\/","name":"Via Alpina","description":"\u0160e eno spleti\u0161\u010de WordPress","potentialAction":[{"@type":"SearchAction","target":{"@type":"EntryPoint","urlTemplate":"https:\/\/www.via-alpina.org\/?s={search_term_string}"},"query-input":{"@type":"PropertyValueSpecification","valueRequired":true,"valueName":"search_term_string"}}],"inLanguage":"sl-SI"}]}},"_links":{"self":[{"href":"https:\/\/www.via-alpina.org\/sl\/wp-json\/wp\/v2\/pages\/3981","targetHints":{"allow":["GET"]}}],"collection":[{"href":"https:\/\/www.via-alpina.org\/sl\/wp-json\/wp\/v2\/pages"}],"about":[{"href":"https:\/\/www.via-alpina.org\/sl\/wp-json\/wp\/v2\/types\/page"}],"author":[{"embeddable":true,"href":"https:\/\/www.via-alpina.org\/sl\/wp-json\/wp\/v2\/users\/8"}],"replies":[{"embeddable":true,"href":"https:\/\/www.via-alpina.org\/sl\/wp-json\/wp\/v2\/comments?post=3981"}],"version-history":[{"count":5,"href":"https:\/\/www.via-alpina.org\/sl\/wp-json\/wp\/v2\/pages\/3981\/revisions"}],"predecessor-version":[{"id":4469,"href":"https:\/\/www.via-alpina.org\/sl\/wp-json\/wp\/v2\/pages\/3981\/revisions\/4469"}],"up":[{"embeddable":true,"href":"https:\/\/www.via-alpina.org\/sl\/wp-json\/wp\/v2\/pages\/2288"}],"wp:attachment":[{"href":"https:\/\/www.via-alpina.org\/sl\/wp-json\/wp\/v2\/media?parent=3981"}],"curies":[{"name":"wp","href":"https:\/\/api.w.org\/{rel}","templated":true}]}}