{"id":3103,"date":"2025-01-29T11:04:48","date_gmt":"2025-01-29T10:04:48","guid":{"rendered":"https:\/\/www.via-alpina.org\/?page_id=3103"},"modified":"2026-04-22T11:22:00","modified_gmt":"2026-04-22T09:22:00","slug":"ekipa","status":"publish","type":"page","link":"https:\/\/www.via-alpina.org\/sl\/via-alpina\/ekipa\/","title":{"rendered":"Ekipa"},"content":{"rendered":"<div class=\"wpb-content-wrapper\"><p>[vc_row full_width=&#8221;stretch_row_content_no_spaces&#8221; el_class=&#8221;sp-page-title&#8221;][vc_column]\t\t\n\t\t<div class=\"title-banner\" style=\"background-image: linear-gradient(rgba(0, 0, 0, 0.2),rgba(0, 0, 0, 0.3)),url(https:\/\/www.via-alpina.org\/wp-content\/uploads\/2024\/01\/via-alpina-explorers-c-christina-ragettli-scaled.jpeg);\">\n\t\t<span class=\"banner-caption\">\u00a9 Christina Ragettli<\/span>\n\t\t<\/div>\n\t\t<div class=\"container container-for-crumbs\">\n\t\t\t\t<div class=\"breadcrumbs-container\">\n\t\t\t\t\t\t<div class=\"breadcrumbs\">\n\t\t\t\t\t\t\t\n\t<ul class=\"ns-breadcrumbs\">\n\t\t\t<li><a href=\"https:\/\/www.via-alpina.org\/sl\/\">Domov<\/a><\/li>\n\t\t\t\t\t<li><a href=\"https:\/\/www.via-alpina.org\/sl\/via-alpina\/\">Via Alpina<\/a><\/li>\n\t\t\t\t<li>Ekipa<\/li>\n\t<\/ul>\n\t\n\t\t\t\t\t\t\t\t<div class=\"clearfix\"><\/div>\n\t\t\t\t\t\t<\/div>\n\t\t\t\t<\/div>\n\t\t\t\t<h1 class=\"entry-title\">Kdo smo?<\/h1>\n\t\t\t\t\t\t<\/div>\n\n\t\t[\/vc_column][\/vc_row][vc_row full_width=&#8221;stretch_row&#8221; el_class=&#8221;sp-gray&#8221;][vc_column width=&#8221;1\/2&#8243;][vc_column_text]<strong>Laura Haberfellner \u2013 vodja projekta \u00a0<\/strong><\/p>\n<p>Od 1. januarja 2026 je Laura vodja projekta Via Alpina. Je ekolo\u0161ka ekonomistka, izku\u0161ena vodja projektov in \u2013 seveda \u2013 strastna pohodnica na dolge razdalje. Njene pohodni\u0161ke izku\u0161nje segajo od poti na \u0160vedskem in Norve\u0161kem do Nove Zelandije, kjer je prehodila celoten Ju\u017eni otok.<br \/>\nKo ne dela za Via Alpino ali Mednarodno komisijo za varstvo Alp, jo ponavadi najdemo pri teku v gozdu, smu\u010darskem turizmu, plavanju v ledeni vodi ali branju knjig o tem, kako preoblikovati na\u0161 gospodarski sistem.[\/vc_column_text][\/vc_column][vc_column width=&#8221;1\/2&#8243;][vc_single_image image=&#8221;3864&#8243;][\/vc_column][\/vc_row][vc_row][vc_column][vc_separator color=&#8221;sky&#8221;][\/vc_column][\/vc_row][vc_row][vc_column][vc_column_text]<\/p>\n<h2 style=\"text-align: center;\"><strong>S prostovoljci smo <b>\u0161e mo\u010dnej\u0161i!<\/b><\/strong><\/h2>\n<p>[\/vc_column_text][vc_column_text]Prostovoljci Via Alpina podpirajo projekt in pot na razli\u010dne na\u010dine. \u010ce vas zanima, da postanete prostovoljec Via Alpina, ve\u010d informacij najdete <a href=\"https:\/\/www.via-alpina.org\/sl\/pridruzite-se-nam\/\">tukaj<\/a> ali pi\u0161ite na elektronski naslov info@via-alpina.org.[\/vc_column_text][\/vc_column][\/vc_row][vc_row][vc_column width=&#8221;1\/2&#8243;][vc_column_text]<strong>Sascha Dubach<\/strong><\/p>\n<p><span style=\"font-weight: 400;\">Sascha s svojimi raznovrstnimi interesi podpira Noro in Julijo kot prostovoljec na razli\u010dnih podro\u010djih. Via Alpina mu je pri srcu, zato ji z veseljem posve\u010da svoj prosti \u010das. Leta 2025, ob 25. obletnici Vie Alpine, bo prehodil pot od Trsta do Monaka.\u00a0<\/span><\/p>\n<p><span style=\"font-weight: 400;\">Narava je njegovo veliko pustolovsko igri\u0161\u010de. Najraje ima \u010dim manj opreme, rad je na prostem in rad potuje premi\u0161ljeno. Vznemirljivo se mu zdi sre\u010devati se z novimi situacijami, se ustrezno prilagajati, iskati re\u0161itve in se u\u010diti novih stvari.<\/span>[\/vc_column_text][vc_row_inner][vc_column_inner][\/vc_column_inner][\/vc_row_inner][\/vc_column][vc_column width=&#8221;1\/2&#8243;][vc_single_image image=&#8221;3209&#8243; img_size=&#8221;Full&#8221;][\/vc_column][\/vc_row][vc_row][vc_column width=&#8221;1\/2&#8243;][vc_single_image image=&#8221;3214&#8243; img_size=&#8221;Full&#8221;][\/vc_column][vc_column width=&#8221;1\/2&#8243;][vc_column_text]<strong>Fabio Brugger<\/strong><\/p>\n<p><span style=\"font-weight: 400;\">V prostem \u010dasu Fabio veliko \u010dasa pre\u017eivi v gorah, bodisi na pohodni\u0161tvu, alpinizmu ali na via feratah. Pohod po \u0161vicarskem delu poti Via Alpina je zanj neverjetno \u010dudovita izku\u0161nja. Kot prostovoljec \u017eeli nekaj vrniti in drugim ljudem omogo\u010diti, da do\u017eivijo enake trenutke sre\u010de, kot jih je sam do\u017eivel na tej poti.<\/span><\/p>\n<p><span style=\"font-weight: 400;\">V okviru svojega prostovoljnega dela je Fabio ve\u010dinoma razporejen na lokalne dogodke, seveda po mo\u017enosti na sami poti Via Alpina. Lahko pa tudi pi\u0161e \u010dlanke za izbrane dogodke ali pomaga pri drugih marketin\u0161kih dejavnostih v ozadju.<\/span><\/p>\n<p>[\/vc_column_text][\/vc_column][\/vc_row][vc_row][vc_column width=&#8221;1\/2&#8243;][vc_column_text]<strong>Matteo Giomo<\/strong><\/p>\n<p>Matteo je velik ljubitelj pohodni\u0161tva. Pohodi so zanj na\u010din, da se preizkusi, bolje spozna samega sebe, se pove\u017ee z naravo in \u2013 \u010de te izku\u0161nje deli z drugimi \u2013 ustvari neuni\u010dljive vezi.<br \/>\nVedno ga vodi radovednost, zato rad raziskuje, preu\u010duje in meri gorski svet iz prve roke, z namenom, da bi ga za\u0161\u010ditil in ohranil. Prehoditi Via Alpino in prispevati k varovanju njenega naravnega bogastva so sanje, ki jih bo neko\u010d zagotovo uresni\u010dil.[\/vc_column_text][\/vc_column][vc_column width=&#8221;1\/2&#8243;][vc_single_image image=&#8221;3334&#8243; img_size=&#8221;Full&#8221;][\/vc_column][\/vc_row][vc_row][vc_column width=&#8221;1\/2&#8243;][vc_single_image image=&#8221;3273&#8243; img_size=&#8221;Full&#8221;][\/vc_column][vc_column width=&#8221;1\/2&#8243;][vc_column_text]<strong>Maria Neacsu<\/strong><\/p>\n<p><span style=\"font-weight: 400;\">Maria Neacsu je samostojna grafi\u010dna oblikovalka z globoko strastjo do gora in narave. Kot prostovoljka v Via Alpina skupnosti, zdru\u017euje svojo ustvarjalnost z ljubeznijo do narave ter prispeva k projektom, ki slavijo in varujejo lepoto alpskih pokrajin. S svojo predanostjo trajnostnemu potovanju in pustolov\u0161\u010dinam na prostem \u017eeli s pomo\u010djo oblikovanja navdihovati druge k raziskovanju, spo\u0161tovanju in ohranjanju narave. Ne glede na to, ali dela na ustvarjalnem projektu ali raziskuje novo pohodni\u0161ko pot, Maria vedno znova najde navdih v divji in neukro\u010deni energiji gora.<br \/>\n<\/span>[\/vc_column_text][\/vc_column][\/vc_row][vc_row][vc_column width=&#8221;1\/2&#8243;][vc_column_text]<strong>Manuel Gleich\u00a0<\/strong><\/p>\n<p>Pohodni\u0161tvo je njegova velika strast \u2013 raziskovanje odro\u010dnih poti, premagovanje lastnih meja in popolno do\u017eivljanje lepote narave. Skozi leta se je podal na \u0161tevilne dolge pohode po svetu, pri \u010demer je vsako potovanje \u0161e poglobilo njegovo povezanost z gorami in divjimi pokrajinami, ki jih ponujajo.<br \/>\nZdaj je \u010das za \u0161e ve\u010dji izziv: prehoditi Rde\u010do pot Via Alpine, zahtevno pohodni\u0161ko turo skozi osr\u010dje Alp. Vendar to potovanje ni le pustolov\u0161\u010dina \u2013 je tudi prilo\u017enost, da nekaj vrne skupnosti. Gore so mu dale ogromno, zato \u017eeli prispevati k temu, da bi bila Via Alpina \u0161e privla\u010dnej\u0161a tako za mlade kot starej\u0161e navdu\u0161ene pohodnike.[\/vc_column_text][\/vc_column][vc_column width=&#8221;1\/2&#8243;][vc_single_image image=&#8221;3288&#8243; img_size=&#8221;Full&#8221;][\/vc_column][\/vc_row][vc_row][vc_column width=&#8221;1\/2&#8243;][vc_single_image image=&#8221;3283&#8243; img_size=&#8221;Full&#8221;][\/vc_column][vc_column width=&#8221;1\/2&#8243;][vc_column_text]<strong>Jon Abbott<\/strong><\/p>\n<p>Jon Abbott se je Via Alpina prostovoljcem pridru\u017eil v letu 2025.<br \/>\nS seboj prina\u0161a strokovno znanje s podro\u010dij, kot so kartografija, vodenje projektov, sistemsko oblikovanje, izbolj\u0161evanje procesov, ustvarjanje medijskih vsebin in analiza podatkov. Njegova potovanja so ga popeljala v \u0161tevilna gorska obmo\u010dja po svetu, vklju\u010dno s Himalajo, Andi in seveda Alpami. Najbolj u\u017eiva v dejavnostih na prostem, kot so pohodni\u0161tvo, kolesarske ture, smu\u010danje, trail tek, kampiranje, fotografija, potapljanje, kajaka\u0161tvo in spust po divjih vodah.[\/vc_column_text][\/vc_column][\/vc_row][vc_row][vc_column width=&#8221;1\/2&#8243;][vc_column_text]<b>Ellen Bouck\u00e9\u00a0<\/b><\/p>\n<p>Ellen je leta 2024 sama pretekla Rde\u010do pot Via Alpine, zato je navdu\u0161ena, da se lahko pridru\u017ei ekipi prostovoljcev Via Alpine. Kot magistra ve\u010djezi\u010dne komunikacije (nizozem\u0161\u010dina, angle\u0161\u010dina in italijan\u0161\u010dina) bo podpirala ekipo za komunikacijo.<br \/>\nNavdu\u0161ujejo jo gore, jezikoslovje in ve\u010djezi\u010dnost, zato \u0161e naprej raziskuje Alpe \u2013 ne le geografsko, temve\u010d tudi kulturno in jezikovno.<br \/>\nLeta 2025 bo \u017ee \u010detrti\u010d pretekla svoj najljub\u0161i odsek Via Alpine: Zahodne Alpe.[\/vc_column_text][\/vc_column][vc_column width=&#8221;1\/2&#8243;][vc_single_image image=&#8221;3293&#8243; img_size=&#8221;Full&#8221;][\/vc_column][\/vc_row][vc_row][vc_column width=&#8221;1\/2&#8243;][vc_single_image image=&#8221;3298&#8243; img_size=&#8221;Full&#8221;][\/vc_column][vc_column width=&#8221;1\/2&#8243;][vc_column_text]<strong>Nicoletta Neacsu\u00a0<\/strong><\/p>\n<p>Nico je romunska samostojna strokovnjakinja na podro\u010dju trajnosti, strastna pri iskanju inovativnih na\u010dinov za ustvarjanje bolj uravnote\u017eenega odnosa med ljudmi in okoljem.<br \/>\nPohodni\u0161tvo in pre\u017eivljanje \u010dasa v gorah ji pomagata vzpostavljati stik z naravo in napolniti energijo. Kot prostovoljka v tej organizaciji prispeva k administrativnim in finan\u010dnim vidikom dela ter u\u017eiva v delu s podatki in optimizaciji procesov \u2013 \u0161e posebej s pomo\u010djo Excela.<br \/>\nViaAlpina skupnost ji omogo\u010da zdru\u017eiti strast do trajnosti, dejavnosti na prostem in strukturiranega re\u0161evanja problemov ter s tem prispevati k pomembnim spremembam na podro\u010dju gorni\u0161tva.[\/vc_column_text][\/vc_column][\/vc_row][vc_row][vc_column width=&#8221;1\/2&#8243;][vc_column_text]<b>Sabina Top\u010di\u0107<\/b><\/p>\n<p>Sabina je navdu\u0161ena, da lahko deli svojo strast do gora in narave, saj se podaja na to vznemirljivo potovanje. Z mo\u010dnim ozadjem v prostovoljstvu in varstvu okolja je posvetila ne\u0161teto ur delu z lokalnim planinskim dru\u0161tvom, kjer je pridobila neprecenljive izku\u0161nje pri vzdr\u017eevanju poti, spodbujanju odgovornega pohodni\u0161tva in ozave\u0161\u010danju o ob\u010dutljivem ravnovesju gorskih ekosistemov.<br \/>\n\u010ceprav Sabina \u0161e ni stopila na pot ViaAlpine, njena ljubezen do pohodni\u0161tva, \u0161e posebej v zimskih mesecih, krepi njeno navdu\u0161enje, da bo nekega dne izkusila osupljive pokrajine Alp ob tej ikoni\u010dni poti. Divja lepota teh gora jo je vedno o\u010darala in komaj \u010daka, da raziskuje mnoge dih jemajo\u010de poti ViaAlpine, ko bo pri\u0161el \u010das.[\/vc_column_text][\/vc_column][vc_column width=&#8221;1\/2&#8243;][vc_single_image image=&#8221;3303&#8243; img_size=&#8221;Full&#8221;][\/vc_column][\/vc_row][vc_row][vc_column width=&#8221;1\/2&#8243;][vc_single_image image=&#8221;3308&#8243; img_size=&#8221;Full&#8221;][\/vc_column][vc_column width=&#8221;1\/2&#8243;][vc_column_text]<strong>Annabel Jackson Prow<\/strong><\/p>\n<p>Bel rada pi\u0161e o pustolov\u0161\u010dinah, pokrajinah in preobrazbah ter je strastna gornica. Z ozadjem iz geografije, trajnostnega razvoja gora in pisanj potopisov se veseli, da je Via Alpina prostovoljka.<br \/>\nKo ne pi\u0161e, Bel rada te\u010de, hodi in smu\u010da po britanskih hribih in Alpah in se \u017ee veseli novih pustolov\u0161\u010din na Via Alpini letos.[\/vc_column_text][\/vc_column][\/vc_row][vc_row][vc_column width=&#8221;1\/2&#8243;][vc_column_text]<b>Valentine Schmidhauser<\/b><\/p>\n<p>Valentine je Via Alpino odkrila v \u0160vici leta 2020, nato pa je leta 2023 prehodila pot od Trsta do Monaka. Ta pustolov\u0161\u010dina je bila nepozabna izku\u0161nja, ki jo je globoko in zaznamovala in preobrazila. Prostovoljno delo pri Via Alpina je njen na\u010din, da nekaj vrne in pomaga ohraniti to pot, da bodo lahko na njej u\u017eivali tudi drugi.<br \/>\nKot prostovoljka \u017eeli prispevati na podro\u010dju komunikacije, predvsem s pisanjem \u010dlankov in ustvarjanjem avdio-vizualnih vsebin. Morda bo tudi na terenu, kjer bo pomagala pri dogodkih ali zbiranju informacij. To je odli\u010dna prilo\u017enost za za\u010detek nove pustolov\u0161\u010dine![\/vc_column_text][\/vc_column][vc_column width=&#8221;1\/2&#8243;][vc_single_image image=&#8221;3339&#8243; img_size=&#8221;Full&#8221;][\/vc_column][\/vc_row][vc_row][vc_column width=&#8221;1\/2&#8243;][vc_single_image image=&#8221;3313&#8243; img_size=&#8221;Full&#8221;][\/vc_column][vc_column width=&#8221;1\/2&#8243;][vc_column_text]<strong>Anna R<b>\u00fcffer<\/b><\/strong><\/p>\n<p>Alpe in Via Alpina imajo za Anno poseben pomen. Poleti 2023 je prehodila celotno pot Via Alpina, od Trsta do Monaka \u2013 pustolov\u0161\u010dino, ki si jo bo zapomnila za vse \u017eivljenje. V prostem \u010dasu jo lahko najdemo na razli\u010dnih poteh po Alpah, na alpskih turah, feratah ali na njenem cestnem kolesu.<br \/>\nAnna \u017eeli deliti svoje izku\u0161nje z vsemi ljubitelji Alp ter jih podpirati kot prostovoljka, predvsem na dru\u017ebenih omre\u017ejih in pri ustvarjanju vsebin, pa tudi na terenu, vzdol\u017e poti Via Alpina.[\/vc_column_text][\/vc_column][\/vc_row][vc_row][vc_column width=&#8221;1\/2&#8243;][vc_column_text]<b>Timothy James Parker\u00a0<\/b><\/p>\n<p>Tim rad pre\u017eivlja svoj prosti \u010das s pohodni\u0161tvom, kampiranjem, deskanjem na snegu in bivanjem na prostem. Nikoli ni bolj sre\u010den kot takrat, ko je v Alpah, zato mu je Via Alpina naravno \u010dudovita!<br \/>\nKot prostovoljec je Tim navdu\u0161en, da lahko prispeva k komunikacijskemu projektu in pomaga pri drugih pobudah, kadar koli je to mogo\u010de. Veseli se mnogih poletij na Via Alpini \u2013 in upa, da bo neko\u010d prehodil celo pot v enem kosu![\/vc_column_text][\/vc_column][vc_column width=&#8221;1\/2&#8243;][vc_single_image image=&#8221;3318&#8243; img_size=&#8221;Full&#8221;][\/vc_column][\/vc_row][vc_row][vc_column width=&#8221;1\/2&#8243;][vc_single_image image=&#8221;3323&#8243; img_size=&#8221;Full&#8221;][\/vc_column][vc_column width=&#8221;1\/2&#8243;][vc_column_text]<b>Sophie Niederkofler<\/b><\/p>\n<p><span style=\"font-weight: 400;\">Sophia je strastna do po\u010dasnega potovanja in \u017eeli aktivno oblikovati izmenjavo med razli\u010dnimi ljudmi ter naravo in vsemi njenimi prebivalci v alpinskih obmo\u010djih kot prostovoljka. \u017deli si \u0161e naprej raziskovati Via Alpina v vseh njenih pogledih in motivirati druge, da se podajo na svojo pot. Zanje so gore povezovalni element \u2013 kraj, ki zdru\u017euje ljudi, ustvarja prostor za globoko dihanje in hkrati omogo\u010da avanturo. Zlasti jo zanimajo trajnostni na\u010dini, kako do\u017eiveti in ohraniti to edinstveno pokrajino.<\/span>[\/vc_column_text][\/vc_column][\/vc_row][vc_row][vc_column width=&#8221;1\/2&#8243;][vc_column_text]<b>Daniela Hadersdorfer\u00a0<\/b><\/p>\n<p>Daniela je strastna planinka, katere pot po Via Alpini je spremenila njeno \u017eivljenje. Ob vsakem prelazu, ki ga je pre\u010dila, ni na\u0161la le osupljivih pokrajin, temve\u010d tudi ob\u010dutek smiselnosti.<br \/>\nZdaj, ko Via Alpina praznuje svoj 25. jubilej, Daniela vra\u010da poti, ki ji je dala toliko. Njeno &#8220;ljubezensko pismo Via Alpini&#8221; vklju\u010duje organiziranje zanimivih dogodkov, ustvarjanje vsebin in vodenje pobud za zbiranje sredstev.<br \/>\nDanielina globoka ljubezen do gora je nalezljiva, saj spodbuja ve\u010d planincev, da se podajo na pustolov\u0161\u010dino \u017eivljenja. Zanje Via Alpina ni le pot: to je kraj, kjer se zgodbe za\u010dnejo, kjer je narava za\u0161\u010ditena in kjer vsak planinec ob poti najde del sebe.[\/vc_column_text][\/vc_column][vc_column width=&#8221;1\/2&#8243;][vc_single_image image=&#8221;3328&#8243; img_size=&#8221;Full&#8221;][\/vc_column][\/vc_row][vc_row][vc_column width=&#8221;1\/2&#8243;][vc_single_image image=&#8221;3344&#8243; img_size=&#8221;Full&#8221;][\/vc_column][vc_column width=&#8221;1\/2&#8243;][vc_column_text]<b>Ema Rezar\u00a0<\/b><\/p>\n<p><span data-sheets-root=\"1\">Ema je navdu\u0161ena nad pohodni\u0161tvom in pre\u017eivljanjem \u010dasa na prostem ter najde pravo veselje v raziskovanju narave pe\u0161. Dalj\u0161e pohodni\u0161ke poti ji \u0161e posebej veliko pomenijo, saj ponujajo prilo\u017enost, da se popolnoma potopi v pokrajino, ujame njen ritem in odklopi od vsakodnevnega vrve\u017ea. Maja letos se Ema odpravlja na pohodni\u0161ko preizku\u0161njo &#8211; Camino Franc\u00e9s. Kljub temu, da se bo letos odpravila na Camino, je Via Alpina \u0161e vedno v njenih mislih in upa, da jo bo kmalu prehodila. Do takrat bo k skupnosti ViaAlpina prispevala kot prostovoljka.<\/span>[\/vc_column_text][\/vc_column][\/vc_row]<\/p>\n<\/div>","protected":false},"excerpt":{"rendered":"<p>[vc_row full_width=&#8221;stretch_row_content_no_spaces&#8221; el_class=&#8221;sp-page-title&#8221;][vc_column][\/vc_column][\/vc_row][vc_row full_width=&#8221;stretch_row&#8221; el_class=&#8221;sp-gray&#8221;][vc_column width=&#8221;1\/2&#8243;][vc_column_text]Laura Haberfellner \u2013 vodja projekta \u00a0 Od 1. januarja 2026 je Laura vodja projekta Via Alpina. Je ekolo\u0161ka ekonomistka, izku\u0161ena vodja projektov in \u2013 seveda \u2013 strastna pohodnica na dolge razdalje. Njene pohodni\u0161ke izku\u0161nje segajo od poti na \u0160vedskem in Norve\u0161kem do Nove Zelandije, kjer je prehodila celoten Ju\u017eni otok. Ko ne dela za Via Alpino ali Mednarodno komisijo za varstvo Alp, jo ponavadi najdemo pri teku v gozdu, smu\u010darskem turizmu, plavanju v ledeni vodi ali branju knjig o tem, kako preoblikovati na\u0161 gospodarski sistem.[\/vc_column_text][\/vc_column][vc_column width=&#8221;1\/2&#8243;][vc_single_image image=&#8221;3864&#8243;][\/vc_column][\/vc_row][vc_row][vc_column][vc_separator color=&#8221;sky&#8221;][\/vc_column][\/vc_row][vc_row][vc_column][vc_column_text] S prostovoljci smo \u0161e mo\u010dnej\u0161i! [\/vc_column_text][vc_column_text]Prostovoljci Via Alpina podpirajo projekt in pot na razli\u010dne na\u010dine. \u010ce vas zanima, da postanete prostovoljec Via Alpina, ve\u010d informacij najdete tukaj [&hellip;]<\/p>\n","protected":false},"author":5,"featured_media":0,"parent":2104,"menu_order":1,"comment_status":"closed","ping_status":"closed","template":"","meta":{"footnotes":""},"class_list":["post-3103","page","type-page","status-publish","hentry"],"yoast_head":"<!-- This site is optimized with the Yoast SEO plugin v27.3 - https:\/\/yoast.com\/product\/yoast-seo-wordpress\/ -->\n<title>Ekipa - Via Alpina<\/title>\n<meta name=\"description\" content=\"Kdo smo?Laura Haberfellner \u2013 vodja projekta \u00a0 Od 1. januarja 2026 je Laura vodja projekta Via Alpina. Je ekolo\u0161ka ekonomistka, izku\u0161ena vodja projektov in \u2013 seveda \u2013 strastna pohodnica na\" \/>\n<meta name=\"robots\" content=\"index, follow, max-snippet:-1, max-image-preview:large, max-video-preview:-1\" \/>\n<link rel=\"canonical\" href=\"https:\/\/www.via-alpina.org\/sl\/via-alpina\/ekipa\/\" \/>\n<meta property=\"og:locale\" content=\"sl_SI\" \/>\n<meta property=\"og:type\" content=\"article\" \/>\n<meta property=\"og:title\" content=\"Ekipa - Via Alpina\" \/>\n<meta property=\"og:description\" content=\"[vc_row full_width=&#8221;stretch_row_content_no_spaces&#8221; el_class=&#8221;sp-page-title&#8221;][vc_column][\/vc_column][\/vc_row][vc_row full_width=&#8221;stretch_row&#8221; el_class=&#8221;sp-gray&#8221;][vc_column width=&#8221;1\/2&#8243;][vc_column_text]Laura Haberfellner \u2013 vodja projekta \u00a0 Od 1. januarja 2026 je Laura vodja projekta Via Alpina. Je ekolo\u0161ka ekonomistka, izku\u0161ena vodja projektov in \u2013 seveda \u2013 strastna pohodnica na dolge razdalje. Njene pohodni\u0161ke izku\u0161nje segajo od poti na \u0160vedskem in Norve\u0161kem do Nove Zelandije, kjer je prehodila celoten Ju\u017eni otok. Ko ne dela za Via Alpino ali Mednarodno komisijo za varstvo Alp, jo ponavadi najdemo pri teku v gozdu, smu\u010darskem turizmu, plavanju v ledeni vodi ali branju knjig o tem, kako preoblikovati na\u0161 gospodarski sistem.[\/vc_column_text][\/vc_column][vc_column width=&#8221;1\/2&#8243;][vc_single_image image=&#8221;3864&#8243;][\/vc_column][\/vc_row][vc_row][vc_column][vc_separator color=&#8221;sky&#8221;][\/vc_column][\/vc_row][vc_row][vc_column][vc_column_text] S prostovoljci smo \u0161e mo\u010dnej\u0161i! [\/vc_column_text][vc_column_text]Prostovoljci Via Alpina podpirajo projekt in pot na razli\u010dne na\u010dine. \u010ce vas zanima, da postanete prostovoljec Via Alpina, ve\u010d informacij najdete tukaj [&hellip;]\" \/>\n<meta property=\"og:url\" content=\"https:\/\/www.via-alpina.org\/sl\/via-alpina\/ekipa\/\" \/>\n<meta property=\"og:site_name\" content=\"Via Alpina\" \/>\n<meta property=\"article:modified_time\" content=\"2026-04-22T09:22:00+00:00\" \/>\n<meta name=\"twitter:card\" content=\"summary_large_image\" \/>\n<meta name=\"twitter:label1\" content=\"Est. reading time\" \/>\n\t<meta name=\"twitter:data1\" content=\"11 minut\" \/>\n<script type=\"application\/ld+json\" class=\"yoast-schema-graph\">{\"@context\":\"https:\\\/\\\/schema.org\",\"@graph\":[{\"@type\":\"WebPage\",\"@id\":\"https:\\\/\\\/www.via-alpina.org\\\/sl\\\/via-alpina\\\/ekipa\\\/\",\"url\":\"https:\\\/\\\/www.via-alpina.org\\\/sl\\\/via-alpina\\\/ekipa\\\/\",\"name\":\"Ekipa - Via Alpina\",\"isPartOf\":{\"@id\":\"https:\\\/\\\/www.via-alpina.org\\\/#website\"},\"datePublished\":\"2025-01-29T10:04:48+00:00\",\"dateModified\":\"2026-04-22T09:22:00+00:00\",\"breadcrumb\":{\"@id\":\"https:\\\/\\\/www.via-alpina.org\\\/sl\\\/via-alpina\\\/ekipa\\\/#breadcrumb\"},\"inLanguage\":\"sl-SI\",\"potentialAction\":[{\"@type\":\"ReadAction\",\"target\":[\"https:\\\/\\\/www.via-alpina.org\\\/sl\\\/via-alpina\\\/ekipa\\\/\"]}]},{\"@type\":\"BreadcrumbList\",\"@id\":\"https:\\\/\\\/www.via-alpina.org\\\/sl\\\/via-alpina\\\/ekipa\\\/#breadcrumb\",\"itemListElement\":[{\"@type\":\"ListItem\",\"position\":1,\"name\":\"Home\",\"item\":\"https:\\\/\\\/www.via-alpina.org\\\/sl\\\/\"},{\"@type\":\"ListItem\",\"position\":2,\"name\":\"Via Alpina\",\"item\":\"https:\\\/\\\/www.via-alpina.org\\\/via-alpina\\\/\"},{\"@type\":\"ListItem\",\"position\":3,\"name\":\"Ekipa\"}]},{\"@type\":\"WebSite\",\"@id\":\"https:\\\/\\\/www.via-alpina.org\\\/#website\",\"url\":\"https:\\\/\\\/www.via-alpina.org\\\/\",\"name\":\"Via Alpina\",\"description\":\"\u0160e eno spleti\u0161\u010de WordPress\",\"potentialAction\":[{\"@type\":\"SearchAction\",\"target\":{\"@type\":\"EntryPoint\",\"urlTemplate\":\"https:\\\/\\\/www.via-alpina.org\\\/?s={search_term_string}\"},\"query-input\":{\"@type\":\"PropertyValueSpecification\",\"valueRequired\":true,\"valueName\":\"search_term_string\"}}],\"inLanguage\":\"sl-SI\"}]}<\/script>\n<!-- \/ Yoast SEO plugin. -->","yoast_head_json":{"title":"Ekipa - Via Alpina","description":"Kdo smo?Laura Haberfellner \u2013 vodja projekta \u00a0 Od 1. januarja 2026 je Laura vodja projekta Via Alpina. Je ekolo\u0161ka ekonomistka, izku\u0161ena vodja projektov in \u2013 seveda \u2013 strastna pohodnica na","robots":{"index":"index","follow":"follow","max-snippet":"max-snippet:-1","max-image-preview":"max-image-preview:large","max-video-preview":"max-video-preview:-1"},"canonical":"https:\/\/www.via-alpina.org\/sl\/via-alpina\/ekipa\/","og_locale":"sl_SI","og_type":"article","og_title":"Ekipa - Via Alpina","og_description":"[vc_row full_width=&#8221;stretch_row_content_no_spaces&#8221; el_class=&#8221;sp-page-title&#8221;][vc_column][\/vc_column][\/vc_row][vc_row full_width=&#8221;stretch_row&#8221; el_class=&#8221;sp-gray&#8221;][vc_column width=&#8221;1\/2&#8243;][vc_column_text]Laura Haberfellner \u2013 vodja projekta \u00a0 Od 1. januarja 2026 je Laura vodja projekta Via Alpina. Je ekolo\u0161ka ekonomistka, izku\u0161ena vodja projektov in \u2013 seveda \u2013 strastna pohodnica na dolge razdalje. Njene pohodni\u0161ke izku\u0161nje segajo od poti na \u0160vedskem in Norve\u0161kem do Nove Zelandije, kjer je prehodila celoten Ju\u017eni otok. Ko ne dela za Via Alpino ali Mednarodno komisijo za varstvo Alp, jo ponavadi najdemo pri teku v gozdu, smu\u010darskem turizmu, plavanju v ledeni vodi ali branju knjig o tem, kako preoblikovati na\u0161 gospodarski sistem.[\/vc_column_text][\/vc_column][vc_column width=&#8221;1\/2&#8243;][vc_single_image image=&#8221;3864&#8243;][\/vc_column][\/vc_row][vc_row][vc_column][vc_separator color=&#8221;sky&#8221;][\/vc_column][\/vc_row][vc_row][vc_column][vc_column_text] S prostovoljci smo \u0161e mo\u010dnej\u0161i! [\/vc_column_text][vc_column_text]Prostovoljci Via Alpina podpirajo projekt in pot na razli\u010dne na\u010dine. \u010ce vas zanima, da postanete prostovoljec Via Alpina, ve\u010d informacij najdete tukaj [&hellip;]","og_url":"https:\/\/www.via-alpina.org\/sl\/via-alpina\/ekipa\/","og_site_name":"Via Alpina","article_modified_time":"2026-04-22T09:22:00+00:00","twitter_card":"summary_large_image","twitter_misc":{"Est. reading time":"11 minut"},"schema":{"@context":"https:\/\/schema.org","@graph":[{"@type":"WebPage","@id":"https:\/\/www.via-alpina.org\/sl\/via-alpina\/ekipa\/","url":"https:\/\/www.via-alpina.org\/sl\/via-alpina\/ekipa\/","name":"Ekipa - Via Alpina","isPartOf":{"@id":"https:\/\/www.via-alpina.org\/#website"},"datePublished":"2025-01-29T10:04:48+00:00","dateModified":"2026-04-22T09:22:00+00:00","breadcrumb":{"@id":"https:\/\/www.via-alpina.org\/sl\/via-alpina\/ekipa\/#breadcrumb"},"inLanguage":"sl-SI","potentialAction":[{"@type":"ReadAction","target":["https:\/\/www.via-alpina.org\/sl\/via-alpina\/ekipa\/"]}]},{"@type":"BreadcrumbList","@id":"https:\/\/www.via-alpina.org\/sl\/via-alpina\/ekipa\/#breadcrumb","itemListElement":[{"@type":"ListItem","position":1,"name":"Home","item":"https:\/\/www.via-alpina.org\/sl\/"},{"@type":"ListItem","position":2,"name":"Via Alpina","item":"https:\/\/www.via-alpina.org\/via-alpina\/"},{"@type":"ListItem","position":3,"name":"Ekipa"}]},{"@type":"WebSite","@id":"https:\/\/www.via-alpina.org\/#website","url":"https:\/\/www.via-alpina.org\/","name":"Via Alpina","description":"\u0160e eno spleti\u0161\u010de WordPress","potentialAction":[{"@type":"SearchAction","target":{"@type":"EntryPoint","urlTemplate":"https:\/\/www.via-alpina.org\/?s={search_term_string}"},"query-input":{"@type":"PropertyValueSpecification","valueRequired":true,"valueName":"search_term_string"}}],"inLanguage":"sl-SI"}]}},"_links":{"self":[{"href":"https:\/\/www.via-alpina.org\/sl\/wp-json\/wp\/v2\/pages\/3103","targetHints":{"allow":["GET"]}}],"collection":[{"href":"https:\/\/www.via-alpina.org\/sl\/wp-json\/wp\/v2\/pages"}],"about":[{"href":"https:\/\/www.via-alpina.org\/sl\/wp-json\/wp\/v2\/types\/page"}],"author":[{"embeddable":true,"href":"https:\/\/www.via-alpina.org\/sl\/wp-json\/wp\/v2\/users\/5"}],"replies":[{"embeddable":true,"href":"https:\/\/www.via-alpina.org\/sl\/wp-json\/wp\/v2\/comments?post=3103"}],"version-history":[{"count":7,"href":"https:\/\/www.via-alpina.org\/sl\/wp-json\/wp\/v2\/pages\/3103\/revisions"}],"predecessor-version":[{"id":4459,"href":"https:\/\/www.via-alpina.org\/sl\/wp-json\/wp\/v2\/pages\/3103\/revisions\/4459"}],"up":[{"embeddable":true,"href":"https:\/\/www.via-alpina.org\/sl\/wp-json\/wp\/v2\/pages\/2104"}],"wp:attachment":[{"href":"https:\/\/www.via-alpina.org\/sl\/wp-json\/wp\/v2\/media?parent=3103"}],"curies":[{"name":"wp","href":"https:\/\/api.w.org\/{rel}","templated":true}]}}