{"id":3102,"date":"2025-03-12T09:38:22","date_gmt":"2025-03-12T08:38:22","guid":{"rendered":"https:\/\/www.via-alpina.org\/?page_id=3102"},"modified":"2026-04-17T09:45:47","modified_gmt":"2026-04-17T07:45:47","slug":"squadra","status":"publish","type":"page","link":"https:\/\/www.via-alpina.org\/it\/la-via-alpina\/squadra\/","title":{"rendered":"Squadra"},"content":{"rendered":"<div class=\"wpb-content-wrapper\"><p>[vc_row full_width=&#8221;stretch_row_content_no_spaces&#8221; el_class=&#8221;sp-page-title&#8221;][vc_column]\t\t\n\t\t<div class=\"title-banner\" style=\"background-image: linear-gradient(rgba(0, 0, 0, 0.2),rgba(0, 0, 0, 0.3)),url(https:\/\/www.via-alpina.org\/wp-content\/uploads\/2024\/01\/via-alpina-explorers-c-christina-ragettli-scaled.jpeg);\">\n\t\t<span class=\"banner-caption\">\u00a9 Christina Ragettli<\/span>\n\t\t<\/div>\n\t\t<div class=\"container container-for-crumbs\">\n\t\t\t\t<div class=\"breadcrumbs-container\">\n\t\t\t\t\t\t<div class=\"breadcrumbs\">\n\t\t\t\t\t\t\t\n\t<ul class=\"ns-breadcrumbs\">\n\t\t\t<li><a href=\"https:\/\/www.via-alpina.org\/it\/\">Home<\/a><\/li>\n\t\t\t\t\t<li><a href=\"https:\/\/www.via-alpina.org\/it\/la-via-alpina\/\">La Via Alpina<\/a><\/li>\n\t\t\t\t<li>Squadra<\/li>\n\t<\/ul>\n\t\n\t\t\t\t\t\t\t\t<div class=\"clearfix\"><\/div>\n\t\t\t\t\t\t<\/div>\n\t\t\t\t<\/div>\n\t\t\t\t<h1 class=\"entry-title\">Who are we?<\/h1>\n\t\t\t\t\t\t<\/div>\n\n\t\t[\/vc_column][\/vc_row][vc_row full_width=&#8221;stretch_row&#8221; el_class=&#8221;sp-gray&#8221;][vc_column width=&#8221;1\/2&#8243;][vc_column_text]<strong>Laura Haberfellner \u2013 Responsabile di progetto<\/strong><\/p>\n<p>Dal 1\u00b0 gennaio 2026, Laura \u00e8 la responsabile di progetto della Via Alpina. \u00c8 un\u2019economista ecologica, responsabile di progetto e, , appassionata escursionista di lunga percorrenza. La sua esperienza escursionistica spazia dai sentieri in Svezia e Norvegia fino alla Nuova Zelanda, dove ha percorso a piedi l\u2019intera lunghezza dell\u2019Isola del Sud.<br \/>\nQuando non lavora per la Via Alpina o per la Commissione Internazionale per la Protezione delle Alpi (CIPRA), di solito la trovi a correre nel bosco, a fare sci alpinismo, a fare i bagni di ghiaccio o a leggere libri su come trasformare il nostro sistema economico.[\/vc_column_text][\/vc_column][vc_column width=&#8221;1\/2&#8243;][vc_single_image image=&#8221;3863&#8243;][\/vc_column][\/vc_row][vc_row][vc_column][vc_separator color=&#8221;sky&#8221;][\/vc_column][\/vc_row][vc_row][vc_column][vc_column_text]<\/p>\n<h2 style=\"text-align: center;\"><strong>Ancora pi\u00f9 forti con i nostri volontari!<\/strong><\/h2>\n<p>[\/vc_column_text][vc_column_text]I volontari della Via Alpina sostengono il progetto e il sentiero in vari modi. Se sei interessato a diventare un volontario della Via Alpina, scopri di pi\u00f9 <a href=\"https:\/\/www.via-alpina.org\/it\/come-partecipare\/\">qui<\/a> o scrivi un&#8217;e-mail a info@via-alpina.org.[\/vc_column_text][\/vc_column][\/vc_row][vc_row][vc_column width=&#8221;1\/2&#8243;][vc_column_text]<strong>Sascha Dubach<\/strong><\/p>\n<p>Sascha, con i suoi molteplici interessi, sostiene Nora e Julija come volontario in vari settori. La Via Alpina gli sta a cuore e vi dedica volentieri il suo tempo libero. Nel 2025, anno del 25\u00b0 anniversario della Via Alpina, percorrer\u00e0 a piedi l&#8217;itinerario da Trieste a Monaco.<\/p>\n<p>La natura \u00e8 il suo grande parco d&#8217;avventura. Preferisce ridurre al minimo la sua attrezzatura, ama stare all&#8217;aria aperta e viaggiare in modo consapevole. Trova entusiasmante incontrare nuove situazioni, adattarsi di conseguenza, trovare soluzioni e imparare cose nuove.[\/vc_column_text][\/vc_column][vc_column width=&#8221;1\/2&#8243;][vc_single_image image=&#8221;3209&#8243; img_size=&#8221;Full&#8221;][\/vc_column][\/vc_row][vc_row][vc_column width=&#8221;1\/2&#8243;][vc_single_image image=&#8221;3214&#8243; img_size=&#8221;Full&#8221;][\/vc_column][vc_column width=&#8221;1\/2&#8243;][vc_column_text]<strong>Fabio Brugger<\/strong><\/p>\n<p><span data-sheets-root=\"1\">Quando pu\u00f2, Fabio trascorre molto tempo in montagna, facendo escursioni, alpinismo o vie ferrate. Percorrere il tratto svizzero della Via Alpina \u00e8 stata un\u2019esperienza incredibilmente bella per lui. Come volontario, desidera dare qualcosa in cambio e regalare ad altre persone gli stessi momenti di felicit\u00e0 che lui stesso ha potuto vivere sul percorso.<br \/>\nNell\u2019ambito del volontariato, Fabio partecipa principalmente a eventi locali, il pi\u00f9 delle volte sulla Via Alpina stessa, naturalmente. Tuttavia, scrive anche articoli per eventi specifici e contribuisce ad altre attivit\u00e0 di marketing dietro le quinte.<br \/>\n<\/span>[\/vc_column_text][\/vc_column][\/vc_row][vc_row][vc_column width=&#8221;1\/2&#8243;][vc_column_text]<strong>Matteo Giomo<\/strong><\/p>\n<p><span data-sheets-root=\"1\">Matteo \u00e8 un grande appassionato di cammini. I cammini sono il suo modo di mettersi alla prova e comprendere se stessi, sentirsi un tutt&#8217;uno con la natura e, se condivisi, creare legami indistruttibili.<br \/>\nSpinto dalla curiosit\u00e0, Matteo ama studiare, misurare ed esplorare la montagna in prima persona, con l&#8217;obiettivo di proteggere e preservare questi ambienti fragili.<br \/>\nPercorrere la Via Alpina e contribuire alla tutela delle ricchezze naturali lungo il percorso \u00e8 un sogno che prima o poi realizzer\u00e0.<br \/>\n<\/span>[\/vc_column_text][\/vc_column][vc_column width=&#8221;1\/2&#8243;][vc_single_image image=&#8221;3334&#8243; img_size=&#8221;Full&#8221;][\/vc_column][\/vc_row][vc_row][vc_column width=&#8221;1\/2&#8243;][vc_single_image image=&#8221;3273&#8243; img_size=&#8221;Full&#8221;][\/vc_column][vc_column width=&#8221;1\/2&#8243;][vc_column_text]<strong>Maria Neacsu<\/strong><\/p>\n<p><span data-sheets-root=\"1\">Maria Neacsu \u00e8 una grafica freelance con una profonda passione per la montagna e la natura. Come volontaria della Via Alpina, unisce la sua creativit\u00e0 all&#8217;amore per la vita all&#8217;aria aperta, contribuendo a progetti che celebrano e proteggono la bellezza dei paesaggi alpini. Con un forte apprezzamento per i viaggi sostenibili e le avventure all&#8217;aria aperta, si dedica all&#8217;uso del design come strumento per ispirare gli altri a esplorare, rispettare e preservare la natura. Sia che lavora a un progetto creativo, sia che esplora un nuovo sentiero, Maria trova infinita ispirazione nello spirito selvaggio e indomito delle montagne.<\/span>[\/vc_column_text][\/vc_column][\/vc_row][vc_row][vc_column width=&#8221;1\/2&#8243;][vc_column_text]<strong>Manuel Gleich\u00a0<\/strong><\/p>\n<p><span data-sheets-root=\"1\">L&#8217;escursionismo \u00e8 sempre stata la sua passione: esplorare sentieri remoti, superare i propri limiti e immergersi nella bellezza della natura. Nel corso degli anni, ha intrapreso numerosi trekking a lunga distanza in tutto il mondo, e ogni viaggio ha approfondito il suo legame con le montagne e i paesaggi selvaggi che offrono.<br \/>\nOra \u00e8 il momento di una sfida ancora pi\u00f9 grande: la Via Alpina Red Trail, un percorso impegnativo che attraversa il cuore delle Alpi. Ma questo viaggio non \u00e8 solo un&#8217;avventura; \u00e8 anche un modo per restituire qualcosa. Le montagne gli hanno dato tanto, e ora vuole contribuire a rendere la Via Alpina pi\u00f9 attraente per gli escursionisti appassionati, giovani e meno giovani.<br \/>\n<\/span>[\/vc_column_text][\/vc_column][vc_column width=&#8221;1\/2&#8243;][vc_single_image image=&#8221;3288&#8243; img_size=&#8221;Full&#8221;][\/vc_column][\/vc_row][vc_row][vc_column width=&#8221;1\/2&#8243;][vc_single_image image=&#8221;3283&#8243; img_size=&#8221;Full&#8221;][\/vc_column][vc_column width=&#8221;1\/2&#8243;][vc_column_text]<strong>Jon Abbott<\/strong><\/p>\n<p><span data-sheets-root=\"1\">Jon Abbott ha iniziato a fare il volontario per la Via Alpina nel 2025.<br \/>\n\u00c8 esperto in mappatura, gestione dei progetti, progettazione di sistemi, miglioramento dei processi, creazione di contenuti multimediali e analisi dei dati. I suoi viaggi lo hanno portato a visitare numerose catene montuose in tutto il mondo, tra cui l&#8217;Himalaya, le Ande e, naturalmente, le Alpi. Ama soprattutto le attivit\u00e0 all&#8217;aria aperta come lo zaino in spalla, il cicloturismo, lo sci, il trail running, il campeggio, la fotografia, la subacquea, il kayak e il rafting.<br \/>\n<\/span>[\/vc_column_text][\/vc_column][\/vc_row][vc_row][vc_column width=&#8221;1\/2&#8243;][vc_column_text]<b>Ellen Bouck\u00e9\u00a0<\/b><\/p>\n<p><span data-sheets-root=\"1\">Dopo aver completato la Via Alpina Red nel 2024, Ellen \u00e8 entusiasta di entrare a far parte del team di volontari della Via Alpina. Con una laurea magistrale in Comunicazione Multilingue (Olandese, Inglese e Italiano), supporta il team di comunicazione. Appassionata di montagna, linguistica e multilinguismo, Ellen continua a esplorare le Alpi\u2014non solo in un senso geografico, ma anche culturale e linguistico. Nel 2025, percorrer\u00e0 di nuovo la sua sezione preferita della Via Alpina per la quarta volta: le Alpi Occidentali.<\/span>[\/vc_column_text][\/vc_column][vc_column width=&#8221;1\/2&#8243;][vc_single_image image=&#8221;3293&#8243; img_size=&#8221;Full&#8221;][\/vc_column][\/vc_row][vc_row][vc_column width=&#8221;1\/2&#8243;][vc_single_image image=&#8221;3298&#8243; img_size=&#8221;Full&#8221;][\/vc_column][vc_column width=&#8221;1\/2&#8243;][vc_column_text]<strong>Nicoletta Neacsu\u00a0<\/strong><\/p>\n<p><span data-sheets-root=\"1\">Nico \u00e8 una freelance romena e si occupa di sostenibilit\u00e0, appassionata nel trovare modi innovativi per creare una pi\u00f9 equilibrata relazione tra persone e ambiente.<br \/>\nCamminare in montagna e trascorrere del tempo tra le montagne aiuta le persone a riconnettersi con la natura e a ricaricare le batterie. Come volontaria, Nico collabora con la parte amministrativa e cura gli aspetti finanziari, apprezzando il lavoro con il processamento dei dati e con la loro ottimizzazione \u2014specialmente tramite l&#8217;uso di Excel.<br \/>\nEssere parte di questa community consente a Nico di coniugare la sua passione per la sostenibilit\u00e0, la vita all&#8217;aria aperta, e il problem-solving pi\u00f9 strutturato, consentendole di avere un impatto positivo nell&#8217;ambito delle passeggiate in montagna.<br \/>\n<\/span>[\/vc_column_text][\/vc_column][\/vc_row][vc_row][vc_column width=&#8221;1\/2&#8243;][vc_column_text]<b>Sabina Top\u010di\u0107<\/b><\/p>\n<p><span data-sheets-root=\"1\">Sabina non vede l&#8217;ora di condividere la sua passione per la montagna e per l&#8217;ambiente con tutti voi fin dal momento che ha iniziato questo percorso emozionante. Con una solida esperienza nel volontariato e nella protezione ambientale, ha dedicato innumerevoli ore di lavoro a un\u2019associazione alpinistica locale, dove ha acquisito un\u2019esperienza preziosa nella manutenzione dei sentieri, nella promozione di un\u2019escursionismo responsabile e nella sensibilizzazione sull\u2019equilibrio delicato degli ecosistemi montani.<br \/>\nAnche se non ha ancora percorso un sentiero della Via Alpina, il suo amore per l\u2019escursionismo, soprattutto nei mesi invernali, alimenta il suo entusiasmo per esplorare un giorno gli straordinari paesaggi delle Alpi lungo questo iconico itinerario. La bellezza selvaggia di queste montagne l\u2019ha sempre affascinata, e non vede l\u2019ora di scoprire i tanti percorsi mozzafiato della Via Alpina quando arriver\u00e0 il momento.<br \/>\n<\/span>[\/vc_column_text][\/vc_column][vc_column width=&#8221;1\/2&#8243;][vc_single_image image=&#8221;3303&#8243; img_size=&#8221;Full&#8221;][\/vc_column][\/vc_row][vc_row][vc_column width=&#8221;1\/2&#8243;][vc_single_image image=&#8221;3308&#8243; img_size=&#8221;Full&#8221;][\/vc_column][vc_column width=&#8221;1\/2&#8243;][vc_column_text]<strong>Annabel Jackson Prow<\/strong><\/p>\n<p><span data-sheets-root=\"1\">Bel ama scrivere di avventura, paesaggi e trasformazione ed \u00e8 appassionata del movimento attraverso le montagne. Con un background in geografia, sviluppo sostenibile delle montagne e scrittura di viaggio, \u00e8 entusiasta di essere una volontaria della Via Alpina.<br \/>\nQuando non scrive, Bel ama correre, fare escursioni e praticare lo sci-alpinismo tra le colline del Regno Unito e le Alpi. Non vede l\u2019ora di vivere nuove avventure sulla Via Alpina quest&#8217;anno.<br \/>\n<\/span>[\/vc_column_text][\/vc_column][\/vc_row][vc_row][vc_column width=&#8221;1\/2&#8243;][vc_column_text]<b>Valentine Schmidhauser<\/b><\/p>\n<p><span data-sheets-root=\"1\">Valentine ha scoperto la Via Alpina in Svizzera nel 2020, prima di partire da Trieste verso Monaco nel 2023. Questa avventura \u00e8 stata un&#8217;esperienza indimenticabile, che ha avuto un effetto profondo e trasformativo su di lei. Fare volontariato per la Via Alpina \u00e8 per lei un modo di restituire qualcosa e contribuire alla sua conservazione, affinch\u00e9 altri possano vivere questa esperienza unica.<\/span><\/p>\n<p>Come volontaria, Valentine desidera contribuire a progetti di comunicazione, in particolare scrivendo articoli e creando contenuti audiovisivi. Potrebbe anche essere sul campo, aiutando con eventi o raccogliendo informazioni. Una splendida opportunit\u00e0 per lanciarsi in una nuova avventura!<br \/>\n[\/vc_column_text][\/vc_column][vc_column width=&#8221;1\/2&#8243;][vc_single_image image=&#8221;3339&#8243; img_size=&#8221;Full&#8221;][\/vc_column][\/vc_row][vc_row][vc_column width=&#8221;1\/2&#8243;][vc_single_image image=&#8221;3313&#8243; img_size=&#8221;Full&#8221;][\/vc_column][vc_column width=&#8221;1\/2&#8243;][vc_column_text]<strong>Anna R<b>\u00fcffer<\/b><\/strong><\/p>\n<p><span data-sheets-root=\"1\">Per Anna, le Alpi e la Via Alpina sono un luogo molto speciale. Nell&#8217;estate del 2023 ha attraversato tutta la Via Alpina, da Trieste a Monaco, un&#8217;avventura i cui ricordi resteranno per sempre indelebili. Nel tempo libero, Anna si trova su vari sentieri escursionistici delle Alpi, in alta montagna, sulle vie ferrate o in bicicletta da corsa.<br \/>\nLe esperienze acquisite Anna desidera condividerle con tutti gli amanti delle Alpi e supporta come volontaria, in particolare nei settori dei social media, della creazione di contenuti e, volentieri, anche sul posto, lungo la Via Alpina stessa.<\/span>[\/vc_column_text][\/vc_column][\/vc_row][vc_row][vc_column width=&#8221;1\/2&#8243;][vc_column_text]<b>Timothy James Parker\u00a0<\/b><\/p>\n<p><span style=\"font-weight: 400;\">Tim loves spending his free time trekking, camping, snowboarding, and being outdoors. He\u2019s never happier than when he\u2019s in the Alps, so naturally, he finds the Via Alpina amazing!<\/span><\/p>\n<p><span style=\"font-weight: 400;\">As a volunteer, Tim is excited to contribute to the communication project and help with other initiatives whenever possible. He looks forward to many summers on the Via Alpina\u2014and hopes to complete the entire trail in one go someday!<\/span>[\/vc_column_text][\/vc_column][vc_column width=&#8221;1\/2&#8243;][vc_single_image image=&#8221;3318&#8243; img_size=&#8221;Full&#8221;][\/vc_column][\/vc_row][vc_row][vc_column width=&#8221;1\/2&#8243;][vc_single_image image=&#8221;3323&#8243; img_size=&#8221;Full&#8221;][\/vc_column][vc_column width=&#8221;1\/2&#8243;][vc_column_text]<b>Sophie Niederkofler<\/b><\/p>\n<p><span data-sheets-root=\"1\">Sophia \u00e8 appassionata di viaggi lenti e desidera, come volontaria, contribuire attivamente allo scambio tra diverse persone, cos\u00ec come con la natura e tutti i suoi abitanti nelle regioni alpine. Vuole continuare a esplorare la Via Alpina in tutte le sue sfaccettature e motivare gli altri a intraprendere il cammino. Per lei, le montagne sono un elemento di unione \u2013 un luogo che riunisce le persone, offre spazio per respirare e al tempo stesso permette di vivere avventure. \u00c8 particolarmente interessata a percorsi sostenibili per vivere e preservare questo paesaggio unico.<\/span>[\/vc_column_text][\/vc_column][\/vc_row][vc_row][vc_column width=&#8221;1\/2&#8243;][vc_column_text]<b>Daniela Hadersdorfer\u00a0<\/b><\/p>\n<p><span style=\"font-weight: 400;\">Daniela is a passionate hiker whose journey along the Via Alpina transformed her life. With every pass she crossed, she found not only breathtaking landscapes but also a sense of purpose.<\/span><\/p>\n<p><span style=\"font-weight: 400;\">Now, as the Via Alpina celebrates its 25th anniversary, Daniela gives back to the trail that gave her so much. Her \u201clove letter to the Via Alpina\u201d includes organizing engaging events, crafting content, and spearheading fundraising initiatives.\u00a0<\/span><\/p>\n<p><span style=\"font-weight: 400;\">Daniela&#8217;s deep love for the mountains is contagious, inspiring more hikers to embark on the adventure of a lifetime. For her, the Via Alpina is more than just a trail: it is a place where stories begin, where nature is protected, and where every hiker finds a piece of themselves along the way.<\/span><\/p>\n<p>[\/vc_column_text][\/vc_column][vc_column width=&#8221;1\/2&#8243;][vc_single_image image=&#8221;3328&#8243; img_size=&#8221;Full&#8221;][\/vc_column][\/vc_row][vc_row][vc_column width=&#8221;1\/2&#8243;][vc_single_image image=&#8221;3344&#8243; img_size=&#8221;Full&#8221;][\/vc_column][vc_column width=&#8221;1\/2&#8243;][vc_column_text]<b>Ema Rezar\u00a0<\/b><\/p>\n<p><span data-sheets-root=\"1\">Ema \u00e8 appassionata di escursioni e di trascorrere del tempo all\u2019aria aperta, trovando una gioia autentica nell&#8217;esplorare la natura a piedi. I trekking a lunga distanza occupano un posto speciale nel suo cuore, poich\u00e9 offrono l&#8217;opportunit\u00e0 di immergersi completamente nei paesaggi, abbracciare il ritmo del sentiero e sfuggire alla frenesia quotidiana. Quest&#8217;anno, Ema partir\u00e0 per il Camino Franc\u00e9s. Tuttavia, la Via Alpina rimane un sogno ancora da realizzare, uno che spera di conquistare nel prossimo futuro.<\/span>[\/vc_column_text][\/vc_column][\/vc_row]<\/p>\n<\/div>","protected":false},"excerpt":{"rendered":"<p>[vc_row full_width=&#8221;stretch_row_content_no_spaces&#8221; el_class=&#8221;sp-page-title&#8221;][vc_column][\/vc_column][\/vc_row][vc_row full_width=&#8221;stretch_row&#8221; el_class=&#8221;sp-gray&#8221;][vc_column width=&#8221;1\/2&#8243;][vc_column_text]Laura Haberfellner \u2013 Responsabile di progetto Dal 1\u00b0 gennaio 2026, Laura \u00e8 la responsabile di progetto della Via Alpina. \u00c8 un\u2019economista ecologica, responsabile di progetto e, , appassionata escursionista di lunga percorrenza. La sua esperienza escursionistica spazia dai sentieri in Svezia e Norvegia fino alla Nuova Zelanda, dove ha percorso a piedi l\u2019intera lunghezza dell\u2019Isola del Sud. Quando non lavora per la Via Alpina o per la Commissione Internazionale per la Protezione delle Alpi (CIPRA), di solito la trovi a correre nel bosco, a fare sci alpinismo, a fare i bagni di ghiaccio o a leggere libri su come trasformare il nostro sistema economico.[\/vc_column_text][\/vc_column][vc_column width=&#8221;1\/2&#8243;][vc_single_image image=&#8221;3863&#8243;][\/vc_column][\/vc_row][vc_row][vc_column][vc_separator color=&#8221;sky&#8221;][\/vc_column][\/vc_row][vc_row][vc_column][vc_column_text] Ancora pi\u00f9 forti con i nostri volontari! [\/vc_column_text][vc_column_text]I [&hellip;]<\/p>\n","protected":false},"author":5,"featured_media":0,"parent":2291,"menu_order":1,"comment_status":"closed","ping_status":"closed","template":"","meta":{"footnotes":""},"class_list":["post-3102","page","type-page","status-publish","hentry"],"yoast_head":"<!-- This site is optimized with the Yoast SEO plugin v27.3 - https:\/\/yoast.com\/product\/yoast-seo-wordpress\/ -->\n<title>Squadra - Via Alpina<\/title>\n<meta name=\"description\" content=\"Who are we?Laura Haberfellner \u2013 Responsabile di progetto Dal 1\u00b0 gennaio 2026, Laura \u00e8 la responsabile di progetto della Via Alpina. \u00c8 un\u2019economista ecologica, responsabile di progetto e, , appassionata\" \/>\n<meta name=\"robots\" content=\"index, follow, max-snippet:-1, max-image-preview:large, max-video-preview:-1\" \/>\n<link rel=\"canonical\" href=\"https:\/\/www.via-alpina.org\/it\/la-via-alpina\/squadra\/\" \/>\n<meta property=\"og:locale\" content=\"it_IT\" \/>\n<meta property=\"og:type\" content=\"article\" \/>\n<meta property=\"og:title\" content=\"Squadra - Via Alpina\" \/>\n<meta property=\"og:description\" content=\"[vc_row full_width=&#8221;stretch_row_content_no_spaces&#8221; el_class=&#8221;sp-page-title&#8221;][vc_column][\/vc_column][\/vc_row][vc_row full_width=&#8221;stretch_row&#8221; el_class=&#8221;sp-gray&#8221;][vc_column width=&#8221;1\/2&#8243;][vc_column_text]Laura Haberfellner \u2013 Responsabile di progetto Dal 1\u00b0 gennaio 2026, Laura \u00e8 la responsabile di progetto della Via Alpina. \u00c8 un\u2019economista ecologica, responsabile di progetto e, , appassionata escursionista di lunga percorrenza. La sua esperienza escursionistica spazia dai sentieri in Svezia e Norvegia fino alla Nuova Zelanda, dove ha percorso a piedi l\u2019intera lunghezza dell\u2019Isola del Sud. Quando non lavora per la Via Alpina o per la Commissione Internazionale per la Protezione delle Alpi (CIPRA), di solito la trovi a correre nel bosco, a fare sci alpinismo, a fare i bagni di ghiaccio o a leggere libri su come trasformare il nostro sistema economico.[\/vc_column_text][\/vc_column][vc_column width=&#8221;1\/2&#8243;][vc_single_image image=&#8221;3863&#8243;][\/vc_column][\/vc_row][vc_row][vc_column][vc_separator color=&#8221;sky&#8221;][\/vc_column][\/vc_row][vc_row][vc_column][vc_column_text] Ancora pi\u00f9 forti con i nostri volontari! [\/vc_column_text][vc_column_text]I [&hellip;]\" \/>\n<meta property=\"og:url\" content=\"https:\/\/www.via-alpina.org\/it\/la-via-alpina\/squadra\/\" \/>\n<meta property=\"og:site_name\" content=\"Via Alpina\" \/>\n<meta property=\"article:modified_time\" content=\"2026-04-17T07:45:47+00:00\" \/>\n<meta name=\"twitter:card\" content=\"summary_large_image\" \/>\n<meta name=\"twitter:label1\" content=\"Tempo di lettura stimato\" \/>\n\t<meta name=\"twitter:data1\" content=\"12 minuti\" \/>\n<script type=\"application\/ld+json\" class=\"yoast-schema-graph\">{\"@context\":\"https:\\\/\\\/schema.org\",\"@graph\":[{\"@type\":\"WebPage\",\"@id\":\"https:\\\/\\\/www.via-alpina.org\\\/it\\\/la-via-alpina\\\/squadra\\\/\",\"url\":\"https:\\\/\\\/www.via-alpina.org\\\/it\\\/la-via-alpina\\\/squadra\\\/\",\"name\":\"Squadra - Via Alpina\",\"isPartOf\":{\"@id\":\"https:\\\/\\\/www.via-alpina.org\\\/#website\"},\"datePublished\":\"2025-03-12T08:38:22+00:00\",\"dateModified\":\"2026-04-17T07:45:47+00:00\",\"breadcrumb\":{\"@id\":\"https:\\\/\\\/www.via-alpina.org\\\/it\\\/la-via-alpina\\\/squadra\\\/#breadcrumb\"},\"inLanguage\":\"it-IT\",\"potentialAction\":[{\"@type\":\"ReadAction\",\"target\":[\"https:\\\/\\\/www.via-alpina.org\\\/it\\\/la-via-alpina\\\/squadra\\\/\"]}]},{\"@type\":\"BreadcrumbList\",\"@id\":\"https:\\\/\\\/www.via-alpina.org\\\/it\\\/la-via-alpina\\\/squadra\\\/#breadcrumb\",\"itemListElement\":[{\"@type\":\"ListItem\",\"position\":1,\"name\":\"Home\",\"item\":\"https:\\\/\\\/www.via-alpina.org\\\/it\\\/\"},{\"@type\":\"ListItem\",\"position\":2,\"name\":\"La Via Alpina\",\"item\":\"https:\\\/\\\/www.via-alpina.org\\\/via-alpina\\\/\"},{\"@type\":\"ListItem\",\"position\":3,\"name\":\"Squadra\"}]},{\"@type\":\"WebSite\",\"@id\":\"https:\\\/\\\/www.via-alpina.org\\\/#website\",\"url\":\"https:\\\/\\\/www.via-alpina.org\\\/\",\"name\":\"Via Alpina\",\"description\":\"\u0160e eno spleti\u0161\u010de WordPress\",\"potentialAction\":[{\"@type\":\"SearchAction\",\"target\":{\"@type\":\"EntryPoint\",\"urlTemplate\":\"https:\\\/\\\/www.via-alpina.org\\\/?s={search_term_string}\"},\"query-input\":{\"@type\":\"PropertyValueSpecification\",\"valueRequired\":true,\"valueName\":\"search_term_string\"}}],\"inLanguage\":\"it-IT\"}]}<\/script>\n<!-- \/ Yoast SEO plugin. -->","yoast_head_json":{"title":"Squadra - Via Alpina","description":"Who are we?Laura Haberfellner \u2013 Responsabile di progetto Dal 1\u00b0 gennaio 2026, Laura \u00e8 la responsabile di progetto della Via Alpina. \u00c8 un\u2019economista ecologica, responsabile di progetto e, , appassionata","robots":{"index":"index","follow":"follow","max-snippet":"max-snippet:-1","max-image-preview":"max-image-preview:large","max-video-preview":"max-video-preview:-1"},"canonical":"https:\/\/www.via-alpina.org\/it\/la-via-alpina\/squadra\/","og_locale":"it_IT","og_type":"article","og_title":"Squadra - Via Alpina","og_description":"[vc_row full_width=&#8221;stretch_row_content_no_spaces&#8221; el_class=&#8221;sp-page-title&#8221;][vc_column][\/vc_column][\/vc_row][vc_row full_width=&#8221;stretch_row&#8221; el_class=&#8221;sp-gray&#8221;][vc_column width=&#8221;1\/2&#8243;][vc_column_text]Laura Haberfellner \u2013 Responsabile di progetto Dal 1\u00b0 gennaio 2026, Laura \u00e8 la responsabile di progetto della Via Alpina. \u00c8 un\u2019economista ecologica, responsabile di progetto e, , appassionata escursionista di lunga percorrenza. La sua esperienza escursionistica spazia dai sentieri in Svezia e Norvegia fino alla Nuova Zelanda, dove ha percorso a piedi l\u2019intera lunghezza dell\u2019Isola del Sud. Quando non lavora per la Via Alpina o per la Commissione Internazionale per la Protezione delle Alpi (CIPRA), di solito la trovi a correre nel bosco, a fare sci alpinismo, a fare i bagni di ghiaccio o a leggere libri su come trasformare il nostro sistema economico.[\/vc_column_text][\/vc_column][vc_column width=&#8221;1\/2&#8243;][vc_single_image image=&#8221;3863&#8243;][\/vc_column][\/vc_row][vc_row][vc_column][vc_separator color=&#8221;sky&#8221;][\/vc_column][\/vc_row][vc_row][vc_column][vc_column_text] Ancora pi\u00f9 forti con i nostri volontari! [\/vc_column_text][vc_column_text]I [&hellip;]","og_url":"https:\/\/www.via-alpina.org\/it\/la-via-alpina\/squadra\/","og_site_name":"Via Alpina","article_modified_time":"2026-04-17T07:45:47+00:00","twitter_card":"summary_large_image","twitter_misc":{"Tempo di lettura stimato":"12 minuti"},"schema":{"@context":"https:\/\/schema.org","@graph":[{"@type":"WebPage","@id":"https:\/\/www.via-alpina.org\/it\/la-via-alpina\/squadra\/","url":"https:\/\/www.via-alpina.org\/it\/la-via-alpina\/squadra\/","name":"Squadra - Via Alpina","isPartOf":{"@id":"https:\/\/www.via-alpina.org\/#website"},"datePublished":"2025-03-12T08:38:22+00:00","dateModified":"2026-04-17T07:45:47+00:00","breadcrumb":{"@id":"https:\/\/www.via-alpina.org\/it\/la-via-alpina\/squadra\/#breadcrumb"},"inLanguage":"it-IT","potentialAction":[{"@type":"ReadAction","target":["https:\/\/www.via-alpina.org\/it\/la-via-alpina\/squadra\/"]}]},{"@type":"BreadcrumbList","@id":"https:\/\/www.via-alpina.org\/it\/la-via-alpina\/squadra\/#breadcrumb","itemListElement":[{"@type":"ListItem","position":1,"name":"Home","item":"https:\/\/www.via-alpina.org\/it\/"},{"@type":"ListItem","position":2,"name":"La Via Alpina","item":"https:\/\/www.via-alpina.org\/via-alpina\/"},{"@type":"ListItem","position":3,"name":"Squadra"}]},{"@type":"WebSite","@id":"https:\/\/www.via-alpina.org\/#website","url":"https:\/\/www.via-alpina.org\/","name":"Via Alpina","description":"\u0160e eno spleti\u0161\u010de WordPress","potentialAction":[{"@type":"SearchAction","target":{"@type":"EntryPoint","urlTemplate":"https:\/\/www.via-alpina.org\/?s={search_term_string}"},"query-input":{"@type":"PropertyValueSpecification","valueRequired":true,"valueName":"search_term_string"}}],"inLanguage":"it-IT"}]}},"_links":{"self":[{"href":"https:\/\/www.via-alpina.org\/it\/wp-json\/wp\/v2\/pages\/3102","targetHints":{"allow":["GET"]}}],"collection":[{"href":"https:\/\/www.via-alpina.org\/it\/wp-json\/wp\/v2\/pages"}],"about":[{"href":"https:\/\/www.via-alpina.org\/it\/wp-json\/wp\/v2\/types\/page"}],"author":[{"embeddable":true,"href":"https:\/\/www.via-alpina.org\/it\/wp-json\/wp\/v2\/users\/5"}],"replies":[{"embeddable":true,"href":"https:\/\/www.via-alpina.org\/it\/wp-json\/wp\/v2\/comments?post=3102"}],"version-history":[{"count":5,"href":"https:\/\/www.via-alpina.org\/it\/wp-json\/wp\/v2\/pages\/3102\/revisions"}],"predecessor-version":[{"id":4441,"href":"https:\/\/www.via-alpina.org\/it\/wp-json\/wp\/v2\/pages\/3102\/revisions\/4441"}],"up":[{"embeddable":true,"href":"https:\/\/www.via-alpina.org\/it\/wp-json\/wp\/v2\/pages\/2291"}],"wp:attachment":[{"href":"https:\/\/www.via-alpina.org\/it\/wp-json\/wp\/v2\/media?parent=3102"}],"curies":[{"name":"wp","href":"https:\/\/api.w.org\/{rel}","templated":true}]}}