{"id":3228,"date":"2025-01-29T10:35:10","date_gmt":"2025-01-29T09:35:10","guid":{"rendered":"https:\/\/www.via-alpina.org\/who-are-we\/"},"modified":"2026-04-08T16:01:16","modified_gmt":"2026-04-08T14:01:16","slug":"team","status":"publish","type":"page","link":"https:\/\/www.via-alpina.org\/de\/via-alpina\/team\/","title":{"rendered":"Team"},"content":{"rendered":"<div class=\"wpb-content-wrapper\"><p>[vc_row full_width=&#8220;stretch_row_content_no_spaces&#8220; el_class=&#8220;sp-page-title&#8220;][vc_column]\t\t\n\t\t<div class=\"title-banner\" style=\"background-image: linear-gradient(rgba(0, 0, 0, 0.2),rgba(0, 0, 0, 0.3)),url(https:\/\/www.via-alpina.org\/wp-content\/uploads\/2024\/01\/via-alpina-explorers-c-christina-ragettli-scaled.jpeg);\">\n\t\t<span class=\"banner-caption\">\u00a9 Christina Ragettli<\/span>\n\t\t<\/div>\n\t\t<div class=\"container container-for-crumbs\">\n\t\t\t\t<div class=\"breadcrumbs-container\">\n\t\t\t\t\t\t<div class=\"breadcrumbs\">\n\t\t\t\t\t\t\t\n\t<ul class=\"ns-breadcrumbs\">\n\t\t\t<li><a href=\"https:\/\/www.via-alpina.org\/de\/\">Startseite<\/a><\/li>\n\t\t\t\t\t<li><a href=\"https:\/\/www.via-alpina.org\/de\/via-alpina\/\">Via Alpina<\/a><\/li>\n\t\t\t\t<li>Team<\/li>\n\t<\/ul>\n\t\n\t\t\t\t\t\t\t\t<div class=\"clearfix\"><\/div>\n\t\t\t\t\t\t<\/div>\n\t\t\t\t<\/div>\n\t\t\t\t<h1 class=\"entry-title\">Wer sind wir?<\/h1>\n\t\t\t\t\t\t<\/div>\n\n\t\t[\/vc_column][\/vc_row][vc_row full_width=&#8220;stretch_row&#8220; el_class=&#8220;sp-gray&#8220;][vc_column width=&#8220;1\/2&#8243;][vc_column_text]<strong>Laura Haberfellner \u2013 Projektleiterin <\/strong><\/p>\n<p>Seit dem 1. Januar 2026 ist Laura Projektleiterin der Via Alpina. Sie ist \u00f6kologische \u00d6konomin, Projektmanagerin und begeisterte Weitwanderin. Ihre Wandererfahrung reicht von Weitwanderwegen in Schweden und Norwegen bis nach Neuseeland, wo sie die gesamte S\u00fcdinsel durchwandert ist.<\/p>\n<p>Wenn sie nicht f\u00fcr die Via Alpina oder die Internationale Alpenschutzkommission arbeitet, trifft man sie meist beim Laufen im Wald, beim Skitourengehen, beim Eisschwimmen oder beim Lesen von B\u00fcchern \u00fcber alternative Wirtschaftssysteme an.[\/vc_column_text][\/vc_column][vc_column width=&#8220;1\/2&#8243;][vc_single_image image=&#8220;3862&#8243;][\/vc_column][\/vc_row][vc_row][vc_column][vc_separator color=&#8220;sky&#8220;][\/vc_column][\/vc_row][vc_row][vc_column][vc_column_text]<\/p>\n<h2 style=\"text-align: center;\"><strong><i>Noch st\u00e4rker dank unseren Freiwilligen!<\/i><\/strong><\/h2>\n<p>[\/vc_column_text][vc_column_text]Die Via Alpina Volunteers unterst\u00fctzen das Projekt und den Wanderweg auf vielf\u00e4ltige Weise. Wenn du daran interessiert bist, Via Alpina Volunteer zu werden, erfahre <a href=\"https:\/\/www.via-alpina.org\/de\/wie-mache-ich-mit\/\">hier<\/a> mehr dar\u00fcber oder schreibe eine E-Mail an info@via-alpina.org.[\/vc_column_text][\/vc_column][\/vc_row][vc_row][vc_column width=&#8220;1\/2&#8243;][vc_column_text]<strong>Sascha Dubach<\/strong><\/p>\n<p><span style=\"font-weight: 400;\">Sascha unterst\u00fctzt mit seinen vielseitigen Interessen als Freiwilliger Nora und Julija in diversen Themen. Die Via-Alpina ist f\u00fcr ihn eine Herzensangelegenheit, wof\u00fcr er gerne seine freie Zeit einsetzt. In 2025, dem 25-j\u00e4hrigen Jubil\u00e4um der Via-Alpina, wird er die Route von Triest nach Monaco durchwandern. <\/span><span style=\"font-weight: 400;\"><br \/>\n<\/span><span style=\"font-weight: 400;\"><br \/>\n<\/span><span style=\"font-weight: 400;\">Die Natur ist sein grosser Abenteuerspielplatz. Dort ist er gerne minimalistisch unterwegs, liebt das Wandern und die Achtsamkeit dabei. Er findet es spannend, immer wieder neue Situationen anzutreffen, sich entsprechend darauf einzustellen, L\u00f6sungen zu finden und dabei Neues zu lernen.<\/span>[\/vc_column_text][vc_row_inner][vc_column_inner][\/vc_column_inner][\/vc_row_inner][\/vc_column][vc_column width=&#8220;1\/2&#8243;][vc_single_image image=&#8220;3209&#8243; img_size=&#8220;Full&#8220;][\/vc_column][\/vc_row][vc_row][vc_column width=&#8220;1\/2&#8243;][vc_single_image image=&#8220;3214&#8243; img_size=&#8220;Full&#8220;][\/vc_column][vc_column width=&#8220;1\/2&#8243;][vc_column_text]<strong>Fabio Brugger<\/strong><\/p>\n<p><span style=\"font-weight: 400;\">In seiner Freizeit ist Fabio viel in den Bergen unterwegs, entweder beim Wandern, Hochtouren, oder auf Klettersteigen. Den Schweizer Teil der Via Alpina zu wandern war f\u00fcr ihn eine unglaublich sch\u00f6ne Erfahrung. Als Volunteer m\u00f6chte er etwas zur\u00fcckgeben, und anderen Personen die gleichen Gl\u00fccksmomente erm\u00f6glichen, die er auf der Route selbst erfahren durfte.<\/span><\/p>\n<p><span style=\"font-weight: 400;\">Im Rahmen seiner Freiwilligen-T\u00e4tigkeit wird Fabio haupts\u00e4chlich bei Veranstaltungen vor Ort eingesetzt, am liebsten nat\u00fcrlich auf der Via Alpina selbst. Es kann aber auch sein, dass er f\u00fcr ausgew\u00e4hlte Veranstaltungen Artikel schreibt oder bei anderen Marketingaktivit\u00e4ten im Hintergrund mithilft.<\/span><\/p>\n<p>[\/vc_column_text][\/vc_column][\/vc_row][vc_row][vc_column width=&#8220;1\/2&#8243;][vc_column_text]<strong>Matteo Giomo<\/strong><\/p>\n<p><span data-sheets-root=\"1\">Matteo ist ein gro\u00dfer Liebhaber von Wanderwegen. Wandern ist seine Art, sich selbst herauszufordern und sich eins mit der Natur zu f\u00fchlen und eine starke Verbindung zu ihr aufzubauen.<br \/>\nMatteo ist neugierig und liebt es, die Berge zu vermessen und zu erforschen, mit dem Ziel, diese empfindliche Umwelt zu sch\u00fctzen und zu erhalten.<br \/>\nDie Via Alpina zu wandern und zum Schutz der Natursch\u00e4tze entlang der Route beizutragen, ist ein Traum, den er sich fr\u00fcher oder sp\u00e4ter erf\u00fcllen wird. <\/span>[\/vc_column_text][\/vc_column][vc_column width=&#8220;1\/2&#8243;][vc_single_image image=&#8220;3334&#8243; img_size=&#8220;Full&#8220;][\/vc_column][\/vc_row][vc_row][vc_column width=&#8220;1\/2&#8243;][vc_single_image image=&#8220;3273&#8243; img_size=&#8220;Full&#8220;][\/vc_column][vc_column width=&#8220;1\/2&#8243;][vc_column_text]<strong>Maria Neacsu<\/strong><\/p>\n<p><span style=\"font-weight: 400;\"><span data-sheets-root=\"1\">Maria Neacsu ist freiberufliche Grafikdesignerin mit einer gro\u00dfen Leidenschaft f\u00fcr die Berge und die Natur. Als Freiwillige der Via Alpina verbindet sie ihre Kreativit\u00e4t mit ihrer Liebe zur Natur und engagiert sich in Projekten, die die Sch\u00f6nheit der alpinen Landschaften zelebrieren und sch\u00fctzen. Sie sch\u00e4tzt nachhaltiges Reisen und Outdoor-Abenteuer sehr und nutzt Design als Tool, um andere zu inspirieren, die Natur zu erforschen, zu respektieren und erhalten. Egal, ob sie an einem kreativen Projekt arbeitet oder einen neuen Wanderweg erkundet, Maria findet endlose Inspiration im wilden und ungez\u00e4hmten Geist der Berge. <\/span> <\/span>[\/vc_column_text][\/vc_column][\/vc_row][vc_row][vc_column width=&#8220;1\/2&#8243;][vc_column_text]<strong>Manuel Gleich\u00a0<\/strong><\/p>\n<p><span data-sheets-root=\"1\">Wandern war schon immer seine Leidenschaft \u2013 abgelegene Pfade erkunden, seine Grenzen austesten und in die Sch\u00f6nheit der Natur eintauchen. Im Laufe der Jahre hat er zahlreiche Fernwanderungen auf der ganzen Welt unternommen und jede einzelne hat seine Verbindung zu den Bergen und den wilden Landschaften, die sie bieten, vertieft. Nun ist es Zeit f\u00fcr eine noch gr\u00f6\u00dfere Herausforderung: den roten Weg der Via Alpina &#8211; eine anspruchsvolle Trekkingtour durch das Herz der Alpen. Doch diese Reise geht \u00fcber das Abenteuer hinaus \u2013 es geht auch darum, etwas zur\u00fcckzugeben. Die Berge haben ihm so viel geschenkt und nun m\u00f6chte er seinen Beitrag leisten, indem er die Via Alpina f\u00fcr begeisterte Wanderer jeden Alters noch attraktiver macht.<\/span>[\/vc_column_text][\/vc_column][vc_column width=&#8220;1\/2&#8243;][vc_single_image image=&#8220;3288&#8243; img_size=&#8220;Full&#8220;][\/vc_column][\/vc_row][vc_row][vc_column width=&#8220;1\/2&#8243;][vc_single_image image=&#8220;3283&#8243; img_size=&#8220;Full&#8220;][\/vc_column][vc_column width=&#8220;1\/2&#8243;][vc_column_text]<strong>Jon Abbott<\/strong><\/p>\n<p><span data-sheets-root=\"1\">Jon Abbott arbeitet seit 2025 als Freiwilliger f\u00fcr die Via Alpina.<br \/>\nEr bringt Fachwissen in Bereichen wie Kartierung, Projektmanagement, Systemdesign, Prozessoptimierung, Mediengestaltung und Datenanalyse mit. Seine Reisen haben ihn in zahlreiche Gebirgsregionen der Welt gef\u00fchrt, darunter den Himalaya, die Anden und nat\u00fcrlich die Alpen.<br \/>\nSeine gr\u00f6\u00dfte Leidenschaft sind Outdoor-Aktivit\u00e4ten wie Backpacking, Fahrradtouren, Skifahren, Trailrunning, Camping, Fotografie, Sporttauchen, Kajakfahren und Wildwasser-Rafting.<br \/>\n<\/span>[\/vc_column_text][\/vc_column][\/vc_row][vc_row][vc_column width=&#8220;1\/2&#8243;][vc_column_text]<b>Ellen Bouck\u00e9\u00a0<\/b><\/p>\n<p><span data-sheets-root=\"1\">Nachdem sie die Via Alpina Rot 2024 selbst gelaufen ist, freut sich Ellen darauf, zum Via Alpina Volunteers Team beizutragen. Mit ihrem Masterabschluss in Mehrsprachiger Kommunikation (Niederl\u00e4ndisch, Englisch und Italienisch) wird sie das Kommunikationsteam unterst\u00fctzen.<br \/>\nEllen ist leidenschaftlich an Bergen, Linguistik und Mehrsprachigkeit interessiert und setzt ihre Entdeckungsreise durch die Alpen fort \u2013 nicht nur geografisch, sondern auch kulturell und sprachlich.<br \/>\n2025 wird sie ihren absoluten Lieblingsabschnitt der Via Alpina zum vierten Mal laufen: die Westalpen.<\/span>[\/vc_column_text][\/vc_column][vc_column width=&#8220;1\/2&#8243;][vc_single_image image=&#8220;3293&#8243; img_size=&#8220;Full&#8220;][\/vc_column][\/vc_row][vc_row][vc_column width=&#8220;1\/2&#8243;][vc_single_image image=&#8220;3298&#8243; img_size=&#8220;Full&#8220;][\/vc_column][vc_column width=&#8220;1\/2&#8243;][vc_column_text]<strong>Nicoletta Neacsu\u00a0<\/strong><\/p>\n<p>Nico ist eine rum\u00e4nische Freiberuflerin im Nachhaltigkeitsbereich. Mit Leidenschaft sucht sie nach innovativen Wegen, um ein ausgewogeneres Mensch-Umwelt Verh\u00e4ltnis zu schaffen.<br \/>\nWandern und Zeit in den in den Bergen zu verbringen helfen Nico, wieder mit der Natur in Kontakt zu kommen und Energie zu tanken. Als Freiwillige in dieser Organisation hilft sie bei administrativen und finanziellen Aspekten, wobei sie gerne mit Daten arbeitet und Prozesse optimiert &#8211; vor allem mit Excel.<br \/>\nAls Teil dieser Gemeinschaft kann Nico ihre Leidenschaft f\u00fcr Nachhaltigkeit, Outdoor-Aktivit\u00e4ten und strukturiertes Probleml\u00f6sen miteinander verbinden und so einen bedeutenden Beitrag im Bereich des Bergsteigens leisten.[\/vc_column_text][\/vc_column][\/vc_row][vc_row][vc_column width=&#8220;1\/2&#8243;][vc_column_text]<b>Sabina Top\u010di\u0107<\/b><\/p>\n<p><span data-sheets-root=\"1\">Sabina freut sich darauf, ihre Leidenschaft f\u00fcr die Berge und die Umwelt zu teilen, w\u00e4hrend sie sich auf diese spannende Reise begibt. Mit einem fundierten Hintergrund in Freiwilligenarbeit und Umweltschutz hat sie unz\u00e4hlige Stunden in einem lokalen Bergsteigerverein verbracht, wo sie au\u00dferordentlich Erfahrungen in der Instandhaltung von Wanderwegen, der F\u00f6rderung von verantwortungsvollem Wandern und der Sensibilisierung f\u00fcr das empfindliche Gleichgewicht von Berg\u00f6kosystemen gesammelt hat.<br \/>\nObwohl sie noch keinen Fu\u00df auf eine ViaAlpina-Route gesetzt hat, treibt ihre Liebe zum Wandern, vor allem in den Wintermonaten, ihren Enthusiasmus an, die atemberaubenden Landschaften der Alpen entlang dieses legend\u00e4ren Weges zu erleben. Die schroffe Sch\u00f6nheit dieser Berge hat sie schon immer fasziniert, und sie freut sich darauf, die vielen atemberaubenden Routen der ViaAlpina zu erkunden, wenn es soweit ist.<br \/>\n<\/span>[\/vc_column_text][\/vc_column][vc_column width=&#8220;1\/2&#8243;][vc_single_image image=&#8220;3303&#8243; img_size=&#8220;Full&#8220;][\/vc_column][\/vc_row][vc_row][vc_column width=&#8220;1\/2&#8243;][vc_single_image image=&#8220;3308&#8243; img_size=&#8220;Full&#8220;][\/vc_column][vc_column width=&#8220;1\/2&#8243;][vc_column_text]<strong>Annabel Jackson Prow<\/strong><\/p>\n<p>Bel liebt es, \u00fcber Abenteuer, Landschaften und Ver\u00e4nderungen zu schreiben, und ihre Leidenschaft gilt der Bewegung in den Bergen. Mit ihrem Hintergrund in Geographie, nachhaltiger Bergentwicklung und Reiseschriftstellerei ist sie begeistert, eine Freiwillige der Via Alpina zu sein.<br \/>\nWenn sie nicht gerade schreibt, liebt sie es zu laufen, zu wandern und Skitouren in den britischen Bergen und in den Alpen zu unternehmen. Sie freut sich auf neue Abenteuer entlang der Via Alpina in diesem Jahr.[\/vc_column_text][\/vc_column][\/vc_row][vc_row][vc_column width=&#8220;1\/2&#8243;][vc_column_text]<b>Valentine Schmidhauser<\/b><\/p>\n<p>Im Jahr 2020 entdeckte Valentine die Via Alpina in der Schweiz, bevor sie 2023 von Triest nach Monaco aufbrach. Dieses Abenteuer war eine unvergessliche Erfahrung, die sie tiefgreifend und nachhaltig ver\u00e4ndert hat. Die Freiwilligenarbeit f\u00fcr die Via Alpina ist f\u00fcr sie eine M\u00f6glichkeit, etwas zur\u00fcckzugeben und zu ihrer Erhaltung beizutragen, damit auch andere dieses einzigartige Erlebnis genie\u00dfen k\u00f6nnen.<br \/>\nAls Freiwillige m\u00f6chte Valentine sich in Kommunikationsprojekten engagieren, insbesondere durch das Schreiben von Artikeln und das Produzieren audiovisueller Inhalte. Sie wird m\u00f6glicherweise auch vor Ort bei Veranstaltungen helfen oder Informationen zusammentragen. Jedenfalls bietet es eine gro\u00dfartige Gelegenheit, sich auf ein neues Abenteuer einzulassen![\/vc_column_text][\/vc_column][vc_column width=&#8220;1\/2&#8243;][vc_single_image image=&#8220;3339&#8243; img_size=&#8220;Full&#8220;][\/vc_column][\/vc_row][vc_row][vc_column width=&#8220;1\/2&#8243;][vc_single_image image=&#8220;3313&#8243; img_size=&#8220;Full&#8220;][\/vc_column][vc_column width=&#8220;1\/2&#8243;][vc_column_text]<strong>Anna R<b>\u00fcffer<\/b><\/strong><\/p>\n<p>F\u00fcr Anna sind die Alpen und die Via Alpina ein ganz besonderer Ort. Im Sommer 2023 durchwanderte sie die Via Alpina komplett von Triest bis nach Monaco &#8211; ein Abenteuer dessen Erinnerungen f\u00fcr sie immer unvergesslich bleiben werden. In ihrer Freizeit findet man Anna auf diversen Weitwanderwegen in den Alpen, auf Hochtour, am Klettersteig oder auf dem Rennrad.<br \/>\nIhre gewonnenen Erfahrungen m\u00f6chte Anna gerne mit allen interessierten Alpenliebhaber:innen teilen und unterst\u00fctzt als Volunteer insbesondere in den Bereichen Social Media, Content Creation und gerne auch vor Ort auf der Via Alpina selbst.[\/vc_column_text][\/vc_column][\/vc_row][vc_row][vc_column width=&#8220;1\/2&#8243;][vc_column_text]<b>Timothy James Parker\u00a0<\/b><\/p>\n<p><span data-sheets-root=\"1\">Tim verbringt seine Freizeit am liebsten mit Wandern, Camping, Snowboarden und in der freien Natur. Er ist nirgendwo gl\u00fccklicher als in den Alpen, und deshalb findet er die Via Alpina nat\u00fcrlich gro\u00dfartig!<br \/>\nAls Freiwilliger freut sich Tim darauf, zur Kommunikation beizutragen und wann immer m\u00f6glich bei anderen Initiativen zu helfen. Er freut sich auf viele Sommer auf der Via Alpina &#8211; und hofft, eines Tages die gesamte Strecke in einem Zug zu bew\u00e4ltigen!<br \/>\n<\/span>[\/vc_column_text][\/vc_column][vc_column width=&#8220;1\/2&#8243;][vc_single_image image=&#8220;3318&#8243; img_size=&#8220;Full&#8220;][\/vc_column][\/vc_row][vc_row][vc_column width=&#8220;1\/2&#8243;][vc_single_image image=&#8220;3323&#8243; img_size=&#8220;Full&#8220;][\/vc_column][vc_column width=&#8220;1\/2&#8243;][vc_column_text]<b>Sophie Niederkofler<\/b><\/p>\n<p><span data-sheets-root=\"1\">Sophia begeistert sich f\u00fcr langsames Reisen und m\u00f6chte als Freiwillige den Austausch zwischen unterschiedlichen Menschen sowie mit der Natur und all ihren Bewohnern in den Alpenregionen aktiv mitgestalten. Sie will die Via Alpina in all ihren Facetten weiter erkunden und andere motivieren, sich auf den Weg zu machen. F\u00fcr sie sind die Berge ein verbindendes Element \u2013 ein Ort, der Menschen zusammenbringt, Raum zum Durchatmen schafft und zugleich Abenteuer erm\u00f6glicht. Dabei interessiert sie sich besonders f\u00fcr nachhaltige Wege, um diese einzigartige Landschaft zu erleben und zu erhalten.<br \/>\n<\/span>[\/vc_column_text][\/vc_column][\/vc_row][vc_row][vc_column width=&#8220;1\/2&#8243;][vc_column_text]<b>Daniela Hadersdorfer\u00a0<\/b><\/p>\n<p><span data-sheets-root=\"1\">Daniela ist eine leidenschaftliche Wanderin, deren Leben die Via Alpina ver\u00e4ndert hat. Mit jedem \u00fcberquerten Pass, fand sie nicht nur atemberaubende Landschaften, sondern auch mehr Sinn.<br \/>\nJetzt, da die Via Alpina ihr 25-j\u00e4hriges Jubil\u00e4um feiert, m\u00f6chte Daniela dem Weg etwas zur\u00fcckgeben, der ihr so viel gegeben hat. Ihr \u201eLiebesbrief an die Via Alpina\u201c umfasst die Organisation spannender Veranstaltungen, die Erstellung von Inhalten und die Leitung von Spendeninitiativen.<br \/>\nDanielas tiefe Liebe zu den Bergen ist ansteckend und sie inspiriert andere, sich auf das Abenteuer ihres Lebens einzulassen. F\u00fcr sie ist die Via Alpina mehr als nur ein Weg: Es ist ein Ort, an dem Geschichten beginnen und geschrieben werden, an dem die Natur gesch\u00fctzt wird, und an dem jeder Wanderer auf dem Weg ein St\u00fcck von sich selbst findet.<br \/>\n<\/span>[\/vc_column_text][\/vc_column][vc_column width=&#8220;1\/2&#8243;][vc_single_image image=&#8220;3328&#8243; img_size=&#8220;Full&#8220;][\/vc_column][\/vc_row][vc_row][vc_column width=&#8220;1\/2&#8243;][vc_single_image image=&#8220;3344&#8243; img_size=&#8220;Full&#8220;][\/vc_column][vc_column width=&#8220;1\/2&#8243;][vc_column_text]<b>Ema Rezar\u00a0<\/b><\/p>\n<p><span data-sheets-root=\"1\">Ema wandert leidenschaftlich gern und verbringt viel Zeit in der freien Natur. Sie findet wahre Freude daran, die Natur zu Fu\u00df zu erkunden. Fernwanderungen haben einen besonderen Platz in ihrem Herzen, da sie die M\u00f6glichkeit bieten, voll und ganz in Landschaften einzutauchen, sich dem Rhythmus des Weges hinzugeben und der t\u00e4glichen Hektik zu entfliehen. Dieses Jahr im Mai wird Ema auf den Camino Frances aufbrechen. Doch die Via Alpina bleibt ein Traum, der darauf wartet, verwirklicht zu werden &#8211; ein Traum, den sie hofft, in naher Zukunft zu verwirklichen &#8211; und bis dahin wird sie die ViaAlpina-Gemeinschaft als Freiwillige unterst\u00fctzen.<\/span>[\/vc_column_text][\/vc_column][\/vc_row]<\/p>\n<\/div>","protected":false},"excerpt":{"rendered":"<p>[vc_row full_width=&#8220;stretch_row_content_no_spaces&#8220; el_class=&#8220;sp-page-title&#8220;][vc_column][\/vc_column][\/vc_row][vc_row full_width=&#8220;stretch_row&#8220; el_class=&#8220;sp-gray&#8220;][vc_column width=&#8220;1\/2&#8243;][vc_column_text]Laura Haberfellner \u2013 Projektleiterin Seit dem 1. Januar 2026 ist Laura Projektleiterin der Via Alpina. Sie ist \u00f6kologische \u00d6konomin, Projektmanagerin und begeisterte Weitwanderin. Ihre Wandererfahrung reicht von Weitwanderwegen in Schweden und Norwegen bis nach Neuseeland, wo sie die gesamte S\u00fcdinsel durchwandert ist. Wenn sie nicht f\u00fcr die Via Alpina oder die Internationale Alpenschutzkommission arbeitet, trifft man sie meist beim Laufen im Wald, beim Skitourengehen, beim Eisschwimmen oder beim Lesen von B\u00fcchern \u00fcber alternative Wirtschaftssysteme an.[\/vc_column_text][\/vc_column][vc_column width=&#8220;1\/2&#8243;][vc_single_image image=&#8220;3862&#8243;][\/vc_column][\/vc_row][vc_row][vc_column][vc_separator color=&#8220;sky&#8220;][\/vc_column][\/vc_row][vc_row][vc_column][vc_column_text] Noch st\u00e4rker dank unseren Freiwilligen! [\/vc_column_text][vc_column_text]Die Via Alpina Volunteers unterst\u00fctzen das Projekt und den Wanderweg auf vielf\u00e4ltige Weise. Wenn du daran interessiert bist, Via Alpina Volunteer zu werden, erfahre hier mehr dar\u00fcber oder schreibe eine E-Mail an [&hellip;]<\/p>\n","protected":false},"author":5,"featured_media":0,"parent":2290,"menu_order":1,"comment_status":"closed","ping_status":"closed","template":"","meta":{"footnotes":""},"class_list":["post-3228","page","type-page","status-publish","hentry"],"yoast_head":"<!-- This site is optimized with the Yoast SEO plugin v27.3 - https:\/\/yoast.com\/product\/yoast-seo-wordpress\/ -->\n<title>Team - Via Alpina<\/title>\n<meta name=\"description\" content=\"Wer sind wir?Laura Haberfellner \u2013 Projektleiterin Seit dem 1. Januar 2026 ist Laura Projektleiterin der Via Alpina. Sie ist \u00f6kologische \u00d6konomin, Projektmanagerin und begeisterte Weitwanderin. Ihre Wandererfahrung reicht von Weitwanderwegen\" \/>\n<meta name=\"robots\" content=\"index, follow, max-snippet:-1, max-image-preview:large, max-video-preview:-1\" \/>\n<link rel=\"canonical\" href=\"https:\/\/www.via-alpina.org\/de\/via-alpina\/team\/\" \/>\n<meta property=\"og:locale\" content=\"de_DE\" \/>\n<meta property=\"og:type\" content=\"article\" \/>\n<meta property=\"og:title\" content=\"Team - Via Alpina\" \/>\n<meta property=\"og:description\" content=\"[vc_row full_width=&#8220;stretch_row_content_no_spaces&#8220; el_class=&#8220;sp-page-title&#8220;][vc_column][\/vc_column][\/vc_row][vc_row full_width=&#8220;stretch_row&#8220; el_class=&#8220;sp-gray&#8220;][vc_column width=&#8220;1\/2&#8243;][vc_column_text]Laura Haberfellner \u2013 Projektleiterin Seit dem 1. Januar 2026 ist Laura Projektleiterin der Via Alpina. Sie ist \u00f6kologische \u00d6konomin, Projektmanagerin und begeisterte Weitwanderin. Ihre Wandererfahrung reicht von Weitwanderwegen in Schweden und Norwegen bis nach Neuseeland, wo sie die gesamte S\u00fcdinsel durchwandert ist. Wenn sie nicht f\u00fcr die Via Alpina oder die Internationale Alpenschutzkommission arbeitet, trifft man sie meist beim Laufen im Wald, beim Skitourengehen, beim Eisschwimmen oder beim Lesen von B\u00fcchern \u00fcber alternative Wirtschaftssysteme an.[\/vc_column_text][\/vc_column][vc_column width=&#8220;1\/2&#8243;][vc_single_image image=&#8220;3862&#8243;][\/vc_column][\/vc_row][vc_row][vc_column][vc_separator color=&#8220;sky&#8220;][\/vc_column][\/vc_row][vc_row][vc_column][vc_column_text] Noch st\u00e4rker dank unseren Freiwilligen! [\/vc_column_text][vc_column_text]Die Via Alpina Volunteers unterst\u00fctzen das Projekt und den Wanderweg auf vielf\u00e4ltige Weise. Wenn du daran interessiert bist, Via Alpina Volunteer zu werden, erfahre hier mehr dar\u00fcber oder schreibe eine E-Mail an [&hellip;]\" \/>\n<meta property=\"og:url\" content=\"https:\/\/www.via-alpina.org\/de\/via-alpina\/team\/\" \/>\n<meta property=\"og:site_name\" content=\"Via Alpina\" \/>\n<meta property=\"article:modified_time\" content=\"2026-04-08T14:01:16+00:00\" \/>\n<meta name=\"twitter:card\" content=\"summary_large_image\" \/>\n<meta name=\"twitter:label1\" content=\"Gesch\u00e4tzte Lesezeit\" \/>\n\t<meta name=\"twitter:data1\" content=\"8\u00a0Minuten\" \/>\n<script type=\"application\/ld+json\" class=\"yoast-schema-graph\">{\"@context\":\"https:\\\/\\\/schema.org\",\"@graph\":[{\"@type\":\"WebPage\",\"@id\":\"https:\\\/\\\/www.via-alpina.org\\\/de\\\/via-alpina\\\/team\\\/\",\"url\":\"https:\\\/\\\/www.via-alpina.org\\\/de\\\/via-alpina\\\/team\\\/\",\"name\":\"Team - Via Alpina\",\"isPartOf\":{\"@id\":\"https:\\\/\\\/www.via-alpina.org\\\/#website\"},\"datePublished\":\"2025-01-29T09:35:10+00:00\",\"dateModified\":\"2026-04-08T14:01:16+00:00\",\"breadcrumb\":{\"@id\":\"https:\\\/\\\/www.via-alpina.org\\\/de\\\/via-alpina\\\/team\\\/#breadcrumb\"},\"inLanguage\":\"de\",\"potentialAction\":[{\"@type\":\"ReadAction\",\"target\":[\"https:\\\/\\\/www.via-alpina.org\\\/de\\\/via-alpina\\\/team\\\/\"]}]},{\"@type\":\"BreadcrumbList\",\"@id\":\"https:\\\/\\\/www.via-alpina.org\\\/de\\\/via-alpina\\\/team\\\/#breadcrumb\",\"itemListElement\":[{\"@type\":\"ListItem\",\"position\":1,\"name\":\"Home\",\"item\":\"https:\\\/\\\/www.via-alpina.org\\\/de\\\/\"},{\"@type\":\"ListItem\",\"position\":2,\"name\":\"Via Alpina\",\"item\":\"https:\\\/\\\/www.via-alpina.org\\\/de\\\/via-alpina\\\/\"},{\"@type\":\"ListItem\",\"position\":3,\"name\":\"Team\"}]},{\"@type\":\"WebSite\",\"@id\":\"https:\\\/\\\/www.via-alpina.org\\\/#website\",\"url\":\"https:\\\/\\\/www.via-alpina.org\\\/\",\"name\":\"Via Alpina\",\"description\":\"\u0160e eno spleti\u0161\u010de WordPress\",\"potentialAction\":[{\"@type\":\"SearchAction\",\"target\":{\"@type\":\"EntryPoint\",\"urlTemplate\":\"https:\\\/\\\/www.via-alpina.org\\\/?s={search_term_string}\"},\"query-input\":{\"@type\":\"PropertyValueSpecification\",\"valueRequired\":true,\"valueName\":\"search_term_string\"}}],\"inLanguage\":\"de\"}]}<\/script>\n<!-- \/ Yoast SEO plugin. -->","yoast_head_json":{"title":"Team - Via Alpina","description":"Wer sind wir?Laura Haberfellner \u2013 Projektleiterin Seit dem 1. Januar 2026 ist Laura Projektleiterin der Via Alpina. Sie ist \u00f6kologische \u00d6konomin, Projektmanagerin und begeisterte Weitwanderin. Ihre Wandererfahrung reicht von Weitwanderwegen","robots":{"index":"index","follow":"follow","max-snippet":"max-snippet:-1","max-image-preview":"max-image-preview:large","max-video-preview":"max-video-preview:-1"},"canonical":"https:\/\/www.via-alpina.org\/de\/via-alpina\/team\/","og_locale":"de_DE","og_type":"article","og_title":"Team - Via Alpina","og_description":"[vc_row full_width=&#8220;stretch_row_content_no_spaces&#8220; el_class=&#8220;sp-page-title&#8220;][vc_column][\/vc_column][\/vc_row][vc_row full_width=&#8220;stretch_row&#8220; el_class=&#8220;sp-gray&#8220;][vc_column width=&#8220;1\/2&#8243;][vc_column_text]Laura Haberfellner \u2013 Projektleiterin Seit dem 1. Januar 2026 ist Laura Projektleiterin der Via Alpina. Sie ist \u00f6kologische \u00d6konomin, Projektmanagerin und begeisterte Weitwanderin. Ihre Wandererfahrung reicht von Weitwanderwegen in Schweden und Norwegen bis nach Neuseeland, wo sie die gesamte S\u00fcdinsel durchwandert ist. Wenn sie nicht f\u00fcr die Via Alpina oder die Internationale Alpenschutzkommission arbeitet, trifft man sie meist beim Laufen im Wald, beim Skitourengehen, beim Eisschwimmen oder beim Lesen von B\u00fcchern \u00fcber alternative Wirtschaftssysteme an.[\/vc_column_text][\/vc_column][vc_column width=&#8220;1\/2&#8243;][vc_single_image image=&#8220;3862&#8243;][\/vc_column][\/vc_row][vc_row][vc_column][vc_separator color=&#8220;sky&#8220;][\/vc_column][\/vc_row][vc_row][vc_column][vc_column_text] Noch st\u00e4rker dank unseren Freiwilligen! [\/vc_column_text][vc_column_text]Die Via Alpina Volunteers unterst\u00fctzen das Projekt und den Wanderweg auf vielf\u00e4ltige Weise. Wenn du daran interessiert bist, Via Alpina Volunteer zu werden, erfahre hier mehr dar\u00fcber oder schreibe eine E-Mail an [&hellip;]","og_url":"https:\/\/www.via-alpina.org\/de\/via-alpina\/team\/","og_site_name":"Via Alpina","article_modified_time":"2026-04-08T14:01:16+00:00","twitter_card":"summary_large_image","twitter_misc":{"Gesch\u00e4tzte Lesezeit":"8\u00a0Minuten"},"schema":{"@context":"https:\/\/schema.org","@graph":[{"@type":"WebPage","@id":"https:\/\/www.via-alpina.org\/de\/via-alpina\/team\/","url":"https:\/\/www.via-alpina.org\/de\/via-alpina\/team\/","name":"Team - Via Alpina","isPartOf":{"@id":"https:\/\/www.via-alpina.org\/#website"},"datePublished":"2025-01-29T09:35:10+00:00","dateModified":"2026-04-08T14:01:16+00:00","breadcrumb":{"@id":"https:\/\/www.via-alpina.org\/de\/via-alpina\/team\/#breadcrumb"},"inLanguage":"de","potentialAction":[{"@type":"ReadAction","target":["https:\/\/www.via-alpina.org\/de\/via-alpina\/team\/"]}]},{"@type":"BreadcrumbList","@id":"https:\/\/www.via-alpina.org\/de\/via-alpina\/team\/#breadcrumb","itemListElement":[{"@type":"ListItem","position":1,"name":"Home","item":"https:\/\/www.via-alpina.org\/de\/"},{"@type":"ListItem","position":2,"name":"Via Alpina","item":"https:\/\/www.via-alpina.org\/de\/via-alpina\/"},{"@type":"ListItem","position":3,"name":"Team"}]},{"@type":"WebSite","@id":"https:\/\/www.via-alpina.org\/#website","url":"https:\/\/www.via-alpina.org\/","name":"Via Alpina","description":"\u0160e eno spleti\u0161\u010de WordPress","potentialAction":[{"@type":"SearchAction","target":{"@type":"EntryPoint","urlTemplate":"https:\/\/www.via-alpina.org\/?s={search_term_string}"},"query-input":{"@type":"PropertyValueSpecification","valueRequired":true,"valueName":"search_term_string"}}],"inLanguage":"de"}]}},"_links":{"self":[{"href":"https:\/\/www.via-alpina.org\/de\/wp-json\/wp\/v2\/pages\/3228","targetHints":{"allow":["GET"]}}],"collection":[{"href":"https:\/\/www.via-alpina.org\/de\/wp-json\/wp\/v2\/pages"}],"about":[{"href":"https:\/\/www.via-alpina.org\/de\/wp-json\/wp\/v2\/types\/page"}],"author":[{"embeddable":true,"href":"https:\/\/www.via-alpina.org\/de\/wp-json\/wp\/v2\/users\/5"}],"replies":[{"embeddable":true,"href":"https:\/\/www.via-alpina.org\/de\/wp-json\/wp\/v2\/comments?post=3228"}],"version-history":[{"count":6,"href":"https:\/\/www.via-alpina.org\/de\/wp-json\/wp\/v2\/pages\/3228\/revisions"}],"predecessor-version":[{"id":4416,"href":"https:\/\/www.via-alpina.org\/de\/wp-json\/wp\/v2\/pages\/3228\/revisions\/4416"}],"up":[{"embeddable":true,"href":"https:\/\/www.via-alpina.org\/de\/wp-json\/wp\/v2\/pages\/2290"}],"wp:attachment":[{"href":"https:\/\/www.via-alpina.org\/de\/wp-json\/wp\/v2\/media?parent=3228"}],"curies":[{"name":"wp","href":"https:\/\/api.w.org\/{rel}","templated":true}]}}